{"id":1148,"date":"2024-08-12T14:22:01","date_gmt":"2024-08-12T12:22:01","guid":{"rendered":"https:\/\/blog.fh-kaernten.at\/praxisbuero\/?page_id=1148"},"modified":"2026-02-09T16:37:36","modified_gmt":"2026-02-09T15:37:36","slug":"tipps-infos-zu-praktika","status":"publish","type":"page","link":"https:\/\/blog.fh-kaernten.at\/praxisbuero\/tipps-infos-zu-praktika\/","title":{"rendered":"Tipps &amp; Infos zu Praktika"},"content":{"rendered":"\t\t<div data-elementor-type=\"wp-page\" data-elementor-id=\"1148\" class=\"elementor elementor-1148\" data-elementor-post-type=\"page\">\n\t\t\t\t\t\t<section class=\"elementor-section elementor-top-section elementor-element elementor-element-2be5707 elementor-section-boxed elementor-section-height-default elementor-section-height-default\" data-id=\"2be5707\" data-element_type=\"section\" data-e-type=\"section\">\n\t\t\t\t\t\t<div class=\"elementor-container elementor-column-gap-default\">\n\t\t\t\t\t<div class=\"elementor-column elementor-col-100 elementor-top-column elementor-element elementor-element-ddd45d4\" data-id=\"ddd45d4\" data-element_type=\"column\" data-e-type=\"column\">\n\t\t\t<div class=\"elementor-widget-wrap elementor-element-populated\">\n\t\t\t\t\t\t<div class=\"elementor-element elementor-element-e54dd28 elementor-widget elementor-widget-heading\" data-id=\"e54dd28\" data-element_type=\"widget\" data-e-type=\"widget\" data-widget_type=\"heading.default\">\n\t\t\t\t<div class=\"elementor-widget-container\">\n\t\t\t\t\t<h2 class=\"elementor-heading-title elementor-size-default\">Praktikumstage an der FH K\u00e4rnten: <br>Ein Gewinn f\u00fcr Studierende und Unternehmen<\/h2>\t\t\t\t<\/div>\n\t\t\t\t<\/div>\n\t\t\t\t\t<\/div>\n\t\t<\/div>\n\t\t\t\t\t<\/div>\n\t\t<\/section>\n\t\t\t\t<section class=\"elementor-section elementor-top-section elementor-element elementor-element-fe8727c elementor-section-boxed elementor-section-height-default elementor-section-height-default\" data-id=\"fe8727c\" data-element_type=\"section\" data-e-type=\"section\">\n\t\t\t\t\t\t<div class=\"elementor-container elementor-column-gap-default\">\n\t\t\t\t\t<div class=\"elementor-column elementor-col-100 elementor-top-column elementor-element elementor-element-2b0c388\" data-id=\"2b0c388\" data-element_type=\"column\" data-e-type=\"column\">\n\t\t\t<div class=\"elementor-widget-wrap\">\n\t\t\t\t\t\t\t<\/div>\n\t\t<\/div>\n\t\t\t\t\t<\/div>\n\t\t<\/section>\n\t\t\t\t<section class=\"elementor-section elementor-top-section elementor-element elementor-element-37b2eb0 elementor-section-boxed elementor-section-height-default elementor-section-height-default\" data-id=\"37b2eb0\" data-element_type=\"section\" data-e-type=\"section\">\n\t\t\t\t\t\t<div class=\"elementor-container elementor-column-gap-default\">\n\t\t\t\t\t<div class=\"elementor-column elementor-col-50 elementor-top-column elementor-element elementor-element-db2d068\" data-id=\"db2d068\" data-element_type=\"column\" data-e-type=\"column\">\n\t\t\t<div class=\"elementor-widget-wrap elementor-element-populated\">\n\t\t\t\t\t\t<div class=\"elementor-element elementor-element-6086008 elementor-widget elementor-widget-text-editor\" data-id=\"6086008\" data-element_type=\"widget\" data-e-type=\"widget\" data-widget_type=\"text-editor.default\">\n\t\t\t\t<div class=\"elementor-widget-container\">\n\t\t\t\t\t\t\t\t\t<p><strong>Mit \u00fcber 1000 Praktika pro Jahr absolvieren die Studierenden des Bereichs Gesundheit und Soziales die meisten Praktika an der FH K\u00e4rnten. Viele Praktikumspl\u00e4tze sind hei\u00df begehrt, und oft sind die Studierenden unsicher, wo sie ihre beruflichen Erfahrungen sammeln m\u00f6chten. Um diese Unsicherheiten zu beseitigen und wertvolle Kontakte zu kn\u00fcpfen, veranstaltet das Praxisb\u00fcro gemeinsam mit den Studieng\u00e4ngen der Fakult\u00e4t Gesundheit &amp; Soziales die Praktikumstage:<\/strong><\/p>\t\t\t\t\t\t\t\t<\/div>\n\t\t\t\t<\/div>\n\t\t\t\t\t<\/div>\n\t\t<\/div>\n\t\t\t\t<div class=\"elementor-column elementor-col-50 elementor-top-column elementor-element elementor-element-abc10c7\" data-id=\"abc10c7\" data-element_type=\"column\" data-e-type=\"column\" data-settings=\"{&quot;background_background&quot;:&quot;classic&quot;}\">\n\t\t\t<div class=\"elementor-widget-wrap elementor-element-populated\">\n\t\t\t\t\t\t<div class=\"elementor-element elementor-element-a36088b elementor-widget elementor-widget-image\" data-id=\"a36088b\" data-element_type=\"widget\" data-e-type=\"widget\" data-widget_type=\"image.default\">\n\t\t\t\t<div class=\"elementor-widget-container\">\n\t\t\t\t\t\t\t\t\t\t\t\t\t\t\t<img fetchpriority=\"high\" decoding=\"async\" width=\"1024\" height=\"317\" src=\"https:\/\/blog.fh-kaernten.at\/praxisbuero\/files\/2026\/02\/save-the-date-26-1024x317.jpg\" class=\"attachment-large size-large wp-image-1854\" alt=\"\" srcset=\"https:\/\/blog.fh-kaernten.at\/praxisbuero\/files\/2026\/02\/save-the-date-26-1024x317.jpg 1024w, https:\/\/blog.fh-kaernten.at\/praxisbuero\/files\/2026\/02\/save-the-date-26-300x93.jpg 300w, https:\/\/blog.fh-kaernten.at\/praxisbuero\/files\/2026\/02\/save-the-date-26-768x238.jpg 768w, https:\/\/blog.fh-kaernten.at\/praxisbuero\/files\/2026\/02\/save-the-date-26-1536x475.jpg 1536w, https:\/\/blog.fh-kaernten.at\/praxisbuero\/files\/2026\/02\/save-the-date-26-2048x634.jpg 2048w, https:\/\/blog.fh-kaernten.at\/praxisbuero\/files\/2026\/02\/save-the-date-26-1000x310.jpg 1000w, https:\/\/blog.fh-kaernten.at\/praxisbuero\/files\/2026\/02\/save-the-date-26-230x71.jpg 230w, https:\/\/blog.fh-kaernten.at\/praxisbuero\/files\/2026\/02\/save-the-date-26-350x108.jpg 350w, https:\/\/blog.fh-kaernten.at\/praxisbuero\/files\/2026\/02\/save-the-date-26-480x149.jpg 480w\" sizes=\"(max-width: 1024px) 100vw, 1024px\" \/>\t\t\t\t\t\t\t\t\t\t\t\t\t\t\t<\/div>\n\t\t\t\t<\/div>\n\t\t\t\t\t<\/div>\n\t\t<\/div>\n\t\t\t\t\t<\/div>\n\t\t<\/section>\n\t\t\t\t<section class=\"elementor-section elementor-top-section elementor-element elementor-element-0b6fb81 elementor-section-boxed elementor-section-height-default elementor-section-height-default\" data-id=\"0b6fb81\" data-element_type=\"section\" data-e-type=\"section\">\n\t\t\t\t\t\t<div class=\"elementor-container elementor-column-gap-default\">\n\t\t\t\t\t<div class=\"elementor-column elementor-col-100 elementor-top-column elementor-element elementor-element-175db6b\" data-id=\"175db6b\" data-element_type=\"column\" data-e-type=\"column\">\n\t\t\t<div class=\"elementor-widget-wrap elementor-element-populated\">\n\t\t\t\t\t\t<div class=\"elementor-element elementor-element-0bda99f elementor-widget elementor-widget-text-editor\" data-id=\"0bda99f\" data-element_type=\"widget\" data-e-type=\"widget\" data-widget_type=\"text-editor.default\">\n\t\t\t\t<div class=\"elementor-widget-container\">\n\t\t\t\t\t\t\t\t\t<ul><li data-ogsc=\"rgb(66, 66, 66)\" data-ogsb=\"rgb(250, 250, 250)\">Die Praktikumstage bieten eine einzigartige Plattform, auf der sich Praktikumsunternehmen und Studierende vernetzen k\u00f6nnen.<\/li><li data-ogsc=\"rgb(66, 66, 66)\" data-ogsb=\"rgb(250, 250, 250)\">Unternehmen haben die M\u00f6glichkeit, sich mit Unterlagen, Videos und Pr\u00e4sentationen vorzustellen und ihre Praktikumsstellen anzubieten.<\/li><li data-ogsc=\"rgb(66, 66, 66)\" data-ogsb=\"rgb(250, 250, 250)\">Am Aktionstag k\u00f6nnen die Unternehmen unkompliziert und ohne Fahrtzeiten online mit uns und untereinander in Kontakt treten.<\/li><li data-ogsc=\"rgb(66, 66, 66)\" data-ogsb=\"rgb(250, 250, 250)\">Jedes Jahr bieten wir unseren Praktikumsunternehmen fachlichen Input zu aktuellen Themen rund um Praktika \u2013 als Denkansto\u00df und als Dankesch\u00f6n f\u00fcr ihr Engagement.<\/li><li data-ogsc=\"rgb(66, 66, 66)\" data-ogsb=\"rgb(250, 250, 250)\">In vorgegebenen Zeitfenstern k\u00f6nnen sich die Studierenden am Nachmittag mit den Unternehmen treffen, um die einzelnen Abteilungen und Mitarbeiterinnen kennenzulernen und ihre Fragen zu stellen.<\/li><\/ul><p data-ogsb=\"rgb(250, 250, 250)\"><em><span data-ogsc=\"rgb(66, 66, 66)\" data-olk-copy-source=\"MessageBody\">Unser Ziel ist es, an diesem Tag so viele Studierende wie m\u00f6glich mit Expert<\/span><\/em><span data-ogsc=\"rgb(66, 66, 66)\">innen aus der Praxis zu vernetzen.<\/span><\/p>\t\t\t\t\t\t\t\t<\/div>\n\t\t\t\t<\/div>\n\t\t\t\t\t<\/div>\n\t\t<\/div>\n\t\t\t\t\t<\/div>\n\t\t<\/section>\n\t\t\t\t<section class=\"elementor-section elementor-top-section elementor-element elementor-element-0219ada elementor-section-boxed elementor-section-height-default elementor-section-height-default\" data-id=\"0219ada\" data-element_type=\"section\" data-e-type=\"section\">\n\t\t\t\t\t\t<div class=\"elementor-container elementor-column-gap-default\">\n\t\t\t\t\t<div class=\"elementor-column elementor-col-100 elementor-top-column elementor-element elementor-element-6d96beb\" data-id=\"6d96beb\" data-element_type=\"column\" data-e-type=\"column\">\n\t\t\t<div class=\"elementor-widget-wrap elementor-element-populated\">\n\t\t\t\t\t\t<div class=\"elementor-element elementor-element-f7dac8a elementor-widget-divider--view-line elementor-widget elementor-widget-divider\" data-id=\"f7dac8a\" data-element_type=\"widget\" data-e-type=\"widget\" data-widget_type=\"divider.default\">\n\t\t\t\t<div class=\"elementor-widget-container\">\n\t\t\t\t\t\t\t<div class=\"elementor-divider\">\n\t\t\t<span class=\"elementor-divider-separator\">\n\t\t\t\t\t\t<\/span>\n\t\t<\/div>\n\t\t\t\t\t\t<\/div>\n\t\t\t\t<\/div>\n\t\t\t\t\t<\/div>\n\t\t<\/div>\n\t\t\t\t\t<\/div>\n\t\t<\/section>\n\t\t\t\t<section class=\"elementor-section elementor-top-section elementor-element elementor-element-49bce51 elementor-section-boxed elementor-section-height-default elementor-section-height-default\" data-id=\"49bce51\" data-element_type=\"section\" data-e-type=\"section\">\n\t\t\t\t\t\t<div class=\"elementor-container elementor-column-gap-default\">\n\t\t\t\t\t<div class=\"elementor-column elementor-col-100 elementor-top-column elementor-element elementor-element-bcb50cf\" data-id=\"bcb50cf\" data-element_type=\"column\" data-e-type=\"column\">\n\t\t\t<div class=\"elementor-widget-wrap elementor-element-populated\">\n\t\t\t\t\t\t<div class=\"elementor-element elementor-element-79c8a6a elementor-widget elementor-widget-heading\" data-id=\"79c8a6a\" data-element_type=\"widget\" data-e-type=\"widget\" data-widget_type=\"heading.default\">\n\t\t\t\t<div class=\"elementor-widget-container\">\n\t\t\t\t\t<h4 class=\"elementor-heading-title elementor-size-default\"> Allgemeine Infos zu Praktika an der Fakult\u00e4t Gesundheit &amp; Soziales\n<\/h4>\t\t\t\t<\/div>\n\t\t\t\t<\/div>\n\t\t\t\t\t<\/div>\n\t\t<\/div>\n\t\t\t\t\t<\/div>\n\t\t<\/section>\n\t\t\t\t<section class=\"elementor-section elementor-top-section elementor-element elementor-element-f6b192f elementor-section-boxed elementor-section-height-default elementor-section-height-default\" data-id=\"f6b192f\" data-element_type=\"section\" data-e-type=\"section\">\n\t\t\t\t\t\t<div class=\"elementor-container elementor-column-gap-default\">\n\t\t\t\t\t<div class=\"elementor-column elementor-col-50 elementor-top-column elementor-element elementor-element-690315f\" data-id=\"690315f\" data-element_type=\"column\" data-e-type=\"column\">\n\t\t\t<div class=\"elementor-widget-wrap elementor-element-populated\">\n\t\t\t\t\t\t<div class=\"elementor-element elementor-element-6e1445a elementor-widget elementor-widget-text-editor\" data-id=\"6e1445a\" data-element_type=\"widget\" data-e-type=\"widget\" data-widget_type=\"text-editor.default\">\n\t\t\t\t<div class=\"elementor-widget-container\">\n\t\t\t\t\t\t\t\t\t<p>Um Sie auf die spannende Zeit der Praktika vorzubereiten, haben wir im Praxisb\u00fcro G&amp;S die wichtigsten Informationen zum Thema Praktika in einer ansprechenden PowerPoint-Pr\u00e4sentation aufbereitet \u2013 und das Beste: Die Pr\u00e4sentation ist nicht nur visuell ansprechend gestaltet, sondern wurde auch vertont! So k\u00f6nnen Sie sie jederzeit abrufen, w\u00e4hrend ihr auf eurem Weg in die Gesundheits- und Sozialberufe seid.<br \/>Diese PowerPoint-Pr\u00e4sentation dient als Grundlage f\u00fcr alle Informationen, die Sie von Ihren Studiengangs-Kolleginnen sowie den Praxisanleiterinnen in den Praxiseinrichtungen und bei unseren Praxispartner*innen erhalten werden. Sie finden dort wertvolle Tipps, wichtige Fakten und Antworten auf h\u00e4ufige Fragen zu Praktika.<br \/>Zus\u00e4tzlich stehen wir f\u00fcr alle weiteren Fragen jederzeit zur Verf\u00fcgung. Z\u00f6gern Sie daher nicht, uns per Mail oder telefonisch zu kontaktieren \u2013 wir freuen uns auf Ihre Anfragen!<\/p>\t\t\t\t\t\t\t\t<\/div>\n\t\t\t\t<\/div>\n\t\t\t\t\t<\/div>\n\t\t<\/div>\n\t\t\t\t<div class=\"elementor-column elementor-col-50 elementor-top-column elementor-element elementor-element-83ddcf1\" data-id=\"83ddcf1\" data-element_type=\"column\" data-e-type=\"column\">\n\t\t\t<div class=\"elementor-widget-wrap elementor-element-populated\">\n\t\t\t\t\t\t<div class=\"elementor-element elementor-element-921c373 elementor-widget elementor-widget-html\" data-id=\"921c373\" data-element_type=\"widget\" data-e-type=\"widget\" data-widget_type=\"html.default\">\n\t\t\t\t<div class=\"elementor-widget-container\">\n\t\t\t\t\t<iframe width=\"560\" height=\"315\" src=\"about:blank\" title=\"YouTube video player\" frameborder=\"0\" allow=\"accelerometer; autoplay; clipboard-write; encrypted-media; gyroscope; picture-in-picture; web-share\" referrerpolicy=\"strict-origin-when-cross-origin\" allowfullscreen=\"\" class=\"lazyload\" data-src=\"https:\/\/www.youtube.com\/embed\/Ov3RIVaBfAc?si=bhgc_cNqianJ3peM\"><\/iframe>\t\t\t\t<\/div>\n\t\t\t\t<\/div>\n\t\t\t\t\t<\/div>\n\t\t<\/div>\n\t\t\t\t\t<\/div>\n\t\t<\/section>\n\t\t\t\t<section class=\"elementor-section elementor-top-section elementor-element elementor-element-8d7d39d elementor-section-boxed elementor-section-height-default elementor-section-height-default\" data-id=\"8d7d39d\" data-element_type=\"section\" data-e-type=\"section\">\n\t\t\t\t\t\t<div class=\"elementor-container elementor-column-gap-default\">\n\t\t\t\t\t<div class=\"elementor-column elementor-col-100 elementor-top-column elementor-element elementor-element-64ace29\" data-id=\"64ace29\" data-element_type=\"column\" data-e-type=\"column\">\n\t\t\t<div class=\"elementor-widget-wrap elementor-element-populated\">\n\t\t\t\t\t\t<div class=\"elementor-element elementor-element-43affac elementor-widget-divider--view-line elementor-widget elementor-widget-divider\" data-id=\"43affac\" data-element_type=\"widget\" data-e-type=\"widget\" data-widget_type=\"divider.default\">\n\t\t\t\t<div class=\"elementor-widget-container\">\n\t\t\t\t\t\t\t<div class=\"elementor-divider\">\n\t\t\t<span class=\"elementor-divider-separator\">\n\t\t\t\t\t\t<\/span>\n\t\t<\/div>\n\t\t\t\t\t\t<\/div>\n\t\t\t\t<\/div>\n\t\t\t\t\t<\/div>\n\t\t<\/div>\n\t\t\t\t\t<\/div>\n\t\t<\/section>\n\t\t\t\t<section class=\"elementor-section elementor-top-section elementor-element elementor-element-3f78353 elementor-section-boxed elementor-section-height-default elementor-section-height-default\" data-id=\"3f78353\" data-element_type=\"section\" data-e-type=\"section\">\n\t\t\t\t\t\t<div class=\"elementor-container elementor-column-gap-default\">\n\t\t\t\t\t<div class=\"elementor-column elementor-col-100 elementor-top-column elementor-element elementor-element-cb3890c\" data-id=\"cb3890c\" data-element_type=\"column\" data-e-type=\"column\">\n\t\t\t<div class=\"elementor-widget-wrap elementor-element-populated\">\n\t\t\t\t\t\t<div class=\"elementor-element elementor-element-169f71a elementor-widget elementor-widget-heading\" data-id=\"169f71a\" data-element_type=\"widget\" data-e-type=\"widget\" data-widget_type=\"heading.default\">\n\t\t\t\t<div class=\"elementor-widget-container\">\n\t\t\t\t\t<h4 class=\"elementor-heading-title elementor-size-default\">PRAXISB\u00dcRO &amp; PRAKTIKUMSKOORDINATION<\/h4>\t\t\t\t<\/div>\n\t\t\t\t<\/div>\n\t\t\t\t\t<\/div>\n\t\t<\/div>\n\t\t\t\t\t<\/div>\n\t\t<\/section>\n\t\t\t\t<section class=\"elementor-section elementor-top-section elementor-element elementor-element-2e0a3ee elementor-section-boxed elementor-section-height-default elementor-section-height-default\" data-id=\"2e0a3ee\" data-element_type=\"section\" data-e-type=\"section\">\n\t\t\t\t\t\t<div class=\"elementor-container elementor-column-gap-default\">\n\t\t\t\t\t<div class=\"elementor-column elementor-col-100 elementor-top-column elementor-element elementor-element-cf410f6\" data-id=\"cf410f6\" data-element_type=\"column\" data-e-type=\"column\">\n\t\t\t<div class=\"elementor-widget-wrap elementor-element-populated\">\n\t\t\t\t\t\t<section class=\"elementor-section elementor-inner-section elementor-element elementor-element-72f9485 elementor-section-boxed elementor-section-height-default elementor-section-height-default\" data-id=\"72f9485\" data-element_type=\"section\" data-e-type=\"section\">\n\t\t\t\t\t\t<div class=\"elementor-container elementor-column-gap-default\">\n\t\t\t\t\t<div class=\"elementor-column elementor-col-50 elementor-inner-column elementor-element elementor-element-749affc\" data-id=\"749affc\" data-element_type=\"column\" data-e-type=\"column\">\n\t\t\t<div class=\"elementor-widget-wrap elementor-element-populated\">\n\t\t\t\t\t\t<div class=\"elementor-element elementor-element-c805bec elementor-widget elementor-widget-video\" data-id=\"c805bec\" data-element_type=\"widget\" data-e-type=\"widget\" data-settings=\"{&quot;youtube_url&quot;:&quot;https:\\\/\\\/youtu.be\\\/Z3PD8pB1bAU&quot;,&quot;video_type&quot;:&quot;youtube&quot;,&quot;controls&quot;:&quot;yes&quot;}\" data-widget_type=\"video.default\">\n\t\t\t\t<div class=\"elementor-widget-container\">\n\t\t\t\t\t\t\t<div class=\"elementor-wrapper elementor-open-inline\">\n\t\t\t<div class=\"elementor-video\"><\/div>\t\t<\/div>\n\t\t\t\t\t\t<\/div>\n\t\t\t\t<\/div>\n\t\t\t\t\t<\/div>\n\t\t<\/div>\n\t\t\t\t<div class=\"elementor-column elementor-col-50 elementor-inner-column elementor-element elementor-element-111d121\" data-id=\"111d121\" data-element_type=\"column\" data-e-type=\"column\">\n\t\t\t<div class=\"elementor-widget-wrap elementor-element-populated\">\n\t\t\t\t\t\t<div class=\"elementor-element elementor-element-f39cd9f elementor-widget elementor-widget-text-editor\" data-id=\"f39cd9f\" data-element_type=\"widget\" data-e-type=\"widget\" data-widget_type=\"text-editor.default\">\n\t\t\t\t<div class=\"elementor-widget-container\">\n\t\t\t\t\t\t\t\t\t<p data-start=\"158\" data-end=\"710\">Bereit f\u00fcr einen Blick hinter die Kulissen? Im Video beleuchtet das Team des <strong data-start=\"235\" data-end=\"250\">Praxisb\u00fcros<\/strong> gemeinsam mit den Praktikums\u00adkoordinator*innen der Fakult\u00e4t Gesundheit &amp; Soziales, wie Theorie und Praxis in der Ausbildung zusammenfinden. Wie wird ein Praktikum so gestaltet, dass Studierende optimale Lernerfahrungen machen \u00ad\u2013 und gleichzeitig Praxispartner gut eingebunden werden? Welche Rolle spielen Begleitung, Reflexion und Betreuung? Und wie wirkt sich diese Praxisarbeit auf die sp\u00e4tere berufliche Orientierung aus?<\/p><p data-start=\"712\" data-end=\"1027\">Das Video liefert konkrete Einblicke, zeigt Zust\u00e4ndigkeiten auf, macht deutlich, wo Herausforderungen liegen und welche Chancen sich bieten. Ideal, wenn Sie verstehen m\u00f6chten, <strong data-start=\"971\" data-end=\"1026\">was hinter einem gut organisierten Praktikum steckt<\/strong>.<\/p>\t\t\t\t\t\t\t\t<\/div>\n\t\t\t\t<\/div>\n\t\t\t\t\t<\/div>\n\t\t<\/div>\n\t\t\t\t\t<\/div>\n\t\t<\/section>\n\t\t\t\t\t<\/div>\n\t\t<\/div>\n\t\t\t\t\t<\/div>\n\t\t<\/section>\n\t\t\t\t<section class=\"elementor-section elementor-top-section elementor-element elementor-element-3ef2b81 elementor-section-boxed elementor-section-height-default elementor-section-height-default\" data-id=\"3ef2b81\" data-element_type=\"section\" data-e-type=\"section\">\n\t\t\t\t\t\t<div class=\"elementor-container elementor-column-gap-default\">\n\t\t\t\t\t<div class=\"elementor-column elementor-col-100 elementor-top-column elementor-element elementor-element-93f7b6d\" data-id=\"93f7b6d\" data-element_type=\"column\" data-e-type=\"column\">\n\t\t\t<div class=\"elementor-widget-wrap elementor-element-populated\">\n\t\t\t\t\t\t<div class=\"elementor-element elementor-element-a4c0690 elementor-widget elementor-widget-spacer\" data-id=\"a4c0690\" data-element_type=\"widget\" data-e-type=\"widget\" data-widget_type=\"spacer.default\">\n\t\t\t\t<div class=\"elementor-widget-container\">\n\t\t\t\t\t\t\t<div class=\"elementor-spacer\">\n\t\t\t<div class=\"elementor-spacer-inner\"><\/div>\n\t\t<\/div>\n\t\t\t\t\t\t<\/div>\n\t\t\t\t<\/div>\n\t\t\t\t\t<\/div>\n\t\t<\/div>\n\t\t\t\t\t<\/div>\n\t\t<\/section>\n\t\t\t\t<section class=\"elementor-section elementor-top-section elementor-element elementor-element-29bb91f elementor-section-stretched elementor-section-boxed elementor-section-height-default elementor-section-height-default\" data-id=\"29bb91f\" data-element_type=\"section\" data-e-type=\"section\" data-settings=\"{&quot;stretch_section&quot;:&quot;section-stretched&quot;,&quot;background_background&quot;:&quot;classic&quot;}\">\n\t\t\t\t\t\t<div class=\"elementor-container elementor-column-gap-default\">\n\t\t\t\t\t<div class=\"elementor-column elementor-col-66 elementor-top-column elementor-element elementor-element-fd01ea2\" data-id=\"fd01ea2\" data-element_type=\"column\" data-e-type=\"column\">\n\t\t\t<div class=\"elementor-widget-wrap elementor-element-populated\">\n\t\t\t\t\t\t<div class=\"elementor-element elementor-element-629abc3 elementor-widget elementor-widget-text-editor\" data-id=\"629abc3\" data-element_type=\"widget\" data-e-type=\"widget\" data-widget_type=\"text-editor.default\">\n\t\t\t\t<div class=\"elementor-widget-container\">\n\t\t\t\t\t\t\t\t\t<p><span style=\"color: #333300;\">W\u00e4hrend der Zeit des Praktikums sind Sie \u00fcber den einbezahlten \u00d6H Beitrag (dieser wird jedes Semester eingehoben) sowohl Unfall- als auch Haftpflichtversichert.<\/span><\/p><p><span style=\"color: #333300;\">Sollten Sie weitere Infos zur Versicherung ben\u00f6tigen folgen Sie dem Link:<\/span><strong><a href=\"https:\/\/www.oeh.ac.at\/service\/oeh-versicherung\/\" target=\"_blank\" rel=\"noopener\"><br \/><span style=\"color: #333300;\">\u00d6H Versicherung &#8211; \u00d6sterreichische Hochsch\u00fcler_innenschaft (\u00d6H)<\/span><\/a><\/strong><\/p>\t\t\t\t\t\t\t\t<\/div>\n\t\t\t\t<\/div>\n\t\t\t\t\t<\/div>\n\t\t<\/div>\n\t\t\t\t<div class=\"elementor-column elementor-col-33 elementor-top-column elementor-element elementor-element-0d03b74\" data-id=\"0d03b74\" data-element_type=\"column\" data-e-type=\"column\">\n\t\t\t<div class=\"elementor-widget-wrap elementor-element-populated\">\n\t\t\t\t\t\t<div class=\"elementor-element elementor-element-6b8f9b3 elementor-widget elementor-widget-image\" data-id=\"6b8f9b3\" data-element_type=\"widget\" data-e-type=\"widget\" data-widget_type=\"image.default\">\n\t\t\t\t<div class=\"elementor-widget-container\">\n\t\t\t\t\t\t\t\t\t\t\t\t\t\t\t<img decoding=\"async\" width=\"1024\" height=\"462\" src=\"https:\/\/blog.fh-kaernten.at\/praxisbuero\/files\/2025\/07\/logo_oehfhktn-1024x462.png\" class=\"attachment-large size-large wp-image-1679\" alt=\"\" srcset=\"https:\/\/blog.fh-kaernten.at\/praxisbuero\/files\/2025\/07\/logo_oehfhktn-1024x462.png 1024w, https:\/\/blog.fh-kaernten.at\/praxisbuero\/files\/2025\/07\/logo_oehfhktn-300x135.png 300w, https:\/\/blog.fh-kaernten.at\/praxisbuero\/files\/2025\/07\/logo_oehfhktn-768x346.png 768w, https:\/\/blog.fh-kaernten.at\/praxisbuero\/files\/2025\/07\/logo_oehfhktn-1536x693.png 1536w, https:\/\/blog.fh-kaernten.at\/praxisbuero\/files\/2025\/07\/logo_oehfhktn-2048x924.png 2048w, https:\/\/blog.fh-kaernten.at\/praxisbuero\/files\/2025\/07\/logo_oehfhktn-1000x451.png 1000w, https:\/\/blog.fh-kaernten.at\/praxisbuero\/files\/2025\/07\/logo_oehfhktn-230x104.png 230w, https:\/\/blog.fh-kaernten.at\/praxisbuero\/files\/2025\/07\/logo_oehfhktn-350x158.png 350w, https:\/\/blog.fh-kaernten.at\/praxisbuero\/files\/2025\/07\/logo_oehfhktn-480x217.png 480w\" sizes=\"(max-width: 1024px) 100vw, 1024px\" \/>\t\t\t\t\t\t\t\t\t\t\t\t\t\t\t<\/div>\n\t\t\t\t<\/div>\n\t\t\t\t\t<\/div>\n\t\t<\/div>\n\t\t\t\t\t<\/div>\n\t\t<\/section>\n\t\t\t\t<section class=\"elementor-section elementor-top-section elementor-element elementor-element-4d902bb elementor-section-stretched elementor-section-boxed elementor-section-height-default elementor-section-height-default\" data-id=\"4d902bb\" data-element_type=\"section\" data-e-type=\"section\" data-settings=\"{&quot;stretch_section&quot;:&quot;section-stretched&quot;,&quot;background_background&quot;:&quot;classic&quot;}\">\n\t\t\t\t\t\t<div class=\"elementor-container elementor-column-gap-default\">\n\t\t\t\t\t<div class=\"elementor-column elementor-col-66 elementor-top-column elementor-element elementor-element-cefde6c\" data-id=\"cefde6c\" data-element_type=\"column\" data-e-type=\"column\">\n\t\t\t<div class=\"elementor-widget-wrap elementor-element-populated\">\n\t\t\t\t\t\t<div class=\"elementor-element elementor-element-27a7bf5 elementor-widget elementor-widget-text-editor\" data-id=\"27a7bf5\" data-element_type=\"widget\" data-e-type=\"widget\" data-widget_type=\"text-editor.default\">\n\t\t\t\t<div class=\"elementor-widget-container\">\n\t\t\t\t\t\t\t\t\t<p><br \/><span style=\"color: #333300;\" data-olk-copy-source=\"MessageBody\">Neben einem Auslandssemester ist es auch m\u00f6glich, sein Praktikum im Ausland zu absolvieren. Eine Chance, die neben der praktischen Erfahrung auch das Eintauchen in eine andere Kultur erm\u00f6glicht. <\/span><\/p><p><span style=\"color: #333300;\" data-olk-copy-source=\"MessageBody\">Weitere Infos gibt es entweder bei den internationalen Koordinator*innen in den einzelnen Studieng\u00e4ngen oder beim <strong>International Relations Office<\/strong>.<\/span><\/p>\t\t\t\t\t\t\t\t<\/div>\n\t\t\t\t<\/div>\n\t\t\t\t\t<\/div>\n\t\t<\/div>\n\t\t\t\t<div class=\"elementor-column elementor-col-33 elementor-top-column elementor-element elementor-element-c616ac6\" data-id=\"c616ac6\" data-element_type=\"column\" data-e-type=\"column\">\n\t\t\t<div class=\"elementor-widget-wrap elementor-element-populated\">\n\t\t\t\t\t\t<div class=\"elementor-element elementor-element-6b8f824 elementor-widget elementor-widget-image\" data-id=\"6b8f824\" data-element_type=\"widget\" data-e-type=\"widget\" data-widget_type=\"image.default\">\n\t\t\t\t<div class=\"elementor-widget-container\">\n\t\t\t\t\t\t\t\t\t\t\t\t\t\t\t<img decoding=\"async\" width=\"1024\" height=\"577\" src=\"https:\/\/blog.fh-kaernten.at\/praxisbuero\/files\/2025\/10\/iro-image-1024x577.jpg\" class=\"attachment-large size-large wp-image-1782\" alt=\"\" srcset=\"https:\/\/blog.fh-kaernten.at\/praxisbuero\/files\/2025\/10\/iro-image-1024x577.jpg 1024w, https:\/\/blog.fh-kaernten.at\/praxisbuero\/files\/2025\/10\/iro-image-300x169.jpg 300w, https:\/\/blog.fh-kaernten.at\/praxisbuero\/files\/2025\/10\/iro-image-768x432.jpg 768w, https:\/\/blog.fh-kaernten.at\/praxisbuero\/files\/2025\/10\/iro-image-1000x563.jpg 1000w, https:\/\/blog.fh-kaernten.at\/praxisbuero\/files\/2025\/10\/iro-image-230x130.jpg 230w, https:\/\/blog.fh-kaernten.at\/praxisbuero\/files\/2025\/10\/iro-image-350x197.jpg 350w, https:\/\/blog.fh-kaernten.at\/praxisbuero\/files\/2025\/10\/iro-image-480x270.jpg 480w, https:\/\/blog.fh-kaernten.at\/praxisbuero\/files\/2025\/10\/iro-image.jpg 1110w\" sizes=\"(max-width: 1024px) 100vw, 1024px\" \/>\t\t\t\t\t\t\t\t\t\t\t\t\t\t\t<\/div>\n\t\t\t\t<\/div>\n\t\t\t\t\t<\/div>\n\t\t<\/div>\n\t\t\t\t\t<\/div>\n\t\t<\/section>\n\t\t\t\t<section class=\"elementor-section elementor-top-section elementor-element elementor-element-d420e6e elementor-section-boxed elementor-section-height-default elementor-section-height-default\" data-id=\"d420e6e\" data-element_type=\"section\" data-e-type=\"section\">\n\t\t\t\t\t\t<div class=\"elementor-container elementor-column-gap-default\">\n\t\t\t\t\t<div class=\"elementor-column elementor-col-100 elementor-top-column elementor-element elementor-element-3a9f730\" data-id=\"3a9f730\" data-element_type=\"column\" data-e-type=\"column\">\n\t\t\t<div class=\"elementor-widget-wrap elementor-element-populated\">\n\t\t\t\t\t\t<div class=\"elementor-element elementor-element-b637702 elementor-widget elementor-widget-spacer\" data-id=\"b637702\" data-element_type=\"widget\" data-e-type=\"widget\" data-widget_type=\"spacer.default\">\n\t\t\t\t<div class=\"elementor-widget-container\">\n\t\t\t\t\t\t\t<div class=\"elementor-spacer\">\n\t\t\t<div class=\"elementor-spacer-inner\"><\/div>\n\t\t<\/div>\n\t\t\t\t\t\t<\/div>\n\t\t\t\t<\/div>\n\t\t\t\t<div class=\"elementor-element elementor-element-148a179 elementor-widget elementor-widget-heading\" data-id=\"148a179\" data-element_type=\"widget\" data-e-type=\"widget\" data-widget_type=\"heading.default\">\n\t\t\t\t<div class=\"elementor-widget-container\">\n\t\t\t\t\t<h4 class=\"elementor-heading-title elementor-size-default\">Praktikumskoordinator*innen der Fakult\u00e4t Gesundheit &amp; Soziales<\/h4>\t\t\t\t<\/div>\n\t\t\t\t<\/div>\n\t\t\t\t\t<\/div>\n\t\t<\/div>\n\t\t\t\t\t<\/div>\n\t\t<\/section>\n\t\t\t\t<section class=\"elementor-section elementor-top-section elementor-element elementor-element-e8c8d43 elementor-section-boxed elementor-section-height-default elementor-section-height-default\" data-id=\"e8c8d43\" data-element_type=\"section\" data-e-type=\"section\">\n\t\t\t\t\t\t<div class=\"elementor-container elementor-column-gap-default\">\n\t\t\t\t\t<div class=\"elementor-column elementor-col-100 elementor-top-column elementor-element elementor-element-a73cf36\" data-id=\"a73cf36\" data-element_type=\"column\" data-e-type=\"column\">\n\t\t\t<div class=\"elementor-widget-wrap elementor-element-populated\">\n\t\t\t\t\t\t<div class=\"elementor-element elementor-element-ad5dd84 elementor-widget elementor-widget-text-editor\" data-id=\"ad5dd84\" data-element_type=\"widget\" data-e-type=\"widget\" data-widget_type=\"text-editor.default\">\n\t\t\t\t<div class=\"elementor-widget-container\">\n\t\t\t\t\t\t\t\t\t<p>Die Praktikumskoordinator*innen begleiten und unterst\u00fctzen die Studierenden der Fakult\u00e4t Gesundheit &amp; Soziales in allen Fragen rund um ihre Praktika. Ob organisatorische Abl\u00e4ufe, inhaltliche R\u00fcckfragen oder Unsicherheiten vor, w\u00e4hrend oder nach dem Praktikum \u2013 sie stehen beratend zur Seite und sorgen f\u00fcr einen reibungslosen Ablauf der Praxisphasen. Dabei bilden sie eine zentrale Schnittstelle zwischen der Fachhochschule und den anleitenden Kolleg*innen in der Praxis und tragen so ma\u00dfgeblich zur Qualit\u00e4t der praktischen Ausbildung bei.<\/p>\t\t\t\t\t\t\t\t<\/div>\n\t\t\t\t<\/div>\n\t\t\t\t\t<\/div>\n\t\t<\/div>\n\t\t\t\t\t<\/div>\n\t\t<\/section>\n\t\t\t\t<section class=\"elementor-section elementor-top-section elementor-element elementor-element-14e011d elementor-section-boxed elementor-section-height-default elementor-section-height-default\" data-id=\"14e011d\" data-element_type=\"section\" data-e-type=\"section\">\n\t\t\t\t\t\t<div class=\"elementor-container elementor-column-gap-default\">\n\t\t\t\t\t<div class=\"elementor-column elementor-col-25 elementor-top-column elementor-element elementor-element-24106b5\" data-id=\"24106b5\" data-element_type=\"column\" data-e-type=\"column\">\n\t\t\t<div class=\"elementor-widget-wrap elementor-element-populated\">\n\t\t\t\t\t\t<div class=\"elementor-element elementor-element-6ec6ec1 elementor-widget elementor-widget-image\" data-id=\"6ec6ec1\" data-element_type=\"widget\" data-e-type=\"widget\" data-widget_type=\"image.default\">\n\t\t\t\t<div class=\"elementor-widget-container\">\n\t\t\t\t\t\t\t\t\t\t\t\t\t\t\t<img loading=\"lazy\" decoding=\"async\" width=\"880\" height=\"1024\" src=\"https:\/\/blog.fh-kaernten.at\/praxisbuero\/files\/2025\/07\/Wiester-880x1024.jpg\" class=\"attachment-large size-large wp-image-1706\" alt=\"\" srcset=\"https:\/\/blog.fh-kaernten.at\/praxisbuero\/files\/2025\/07\/Wiester-880x1024.jpg 880w, https:\/\/blog.fh-kaernten.at\/praxisbuero\/files\/2025\/07\/Wiester-258x300.jpg 258w, https:\/\/blog.fh-kaernten.at\/praxisbuero\/files\/2025\/07\/Wiester-768x893.jpg 768w, https:\/\/blog.fh-kaernten.at\/praxisbuero\/files\/2025\/07\/Wiester-230x267.jpg 230w, https:\/\/blog.fh-kaernten.at\/praxisbuero\/files\/2025\/07\/Wiester-350x407.jpg 350w, https:\/\/blog.fh-kaernten.at\/praxisbuero\/files\/2025\/07\/Wiester-480x558.jpg 480w, https:\/\/blog.fh-kaernten.at\/praxisbuero\/files\/2025\/07\/Wiester.jpg 1000w\" sizes=\"(max-width: 880px) 100vw, 880px\" \/>\t\t\t\t\t\t\t\t\t\t\t\t\t\t\t<\/div>\n\t\t\t\t<\/div>\n\t\t\t\t<div class=\"elementor-element elementor-element-0b9ca40 elementor-widget elementor-widget-text-editor\" data-id=\"0b9ca40\" data-element_type=\"widget\" data-e-type=\"widget\" data-widget_type=\"text-editor.default\">\n\t\t\t\t<div class=\"elementor-widget-container\">\n\t\t\t\t\t\t\t\t\t<p><strong>Manuel Wiester, BSc MSc<br \/><\/strong>Biomedizinische Analytik<br \/><a href=\"mailto:m.wiester@fh-kaernten.at\">m.wiester@fh-kaernten.at<\/a><\/p>\t\t\t\t\t\t\t\t<\/div>\n\t\t\t\t<\/div>\n\t\t\t\t\t<\/div>\n\t\t<\/div>\n\t\t\t\t<div class=\"elementor-column elementor-col-25 elementor-top-column elementor-element elementor-element-fe1c851\" data-id=\"fe1c851\" data-element_type=\"column\" data-e-type=\"column\">\n\t\t\t<div class=\"elementor-widget-wrap elementor-element-populated\">\n\t\t\t\t\t\t<div class=\"elementor-element elementor-element-470d550 elementor-widget elementor-widget-image\" data-id=\"470d550\" data-element_type=\"widget\" data-e-type=\"widget\" data-widget_type=\"image.default\">\n\t\t\t\t<div class=\"elementor-widget-container\">\n\t\t\t\t\t\t\t\t\t\t\t\t\t\t\t<img loading=\"lazy\" decoding=\"async\" width=\"480\" height=\"550\" src=\"https:\/\/blog.fh-kaernten.at\/praxisbuero\/files\/2025\/07\/web_komposch.jpg\" class=\"attachment-large size-large wp-image-1704\" alt=\"\" srcset=\"https:\/\/blog.fh-kaernten.at\/praxisbuero\/files\/2025\/07\/web_komposch.jpg 480w, https:\/\/blog.fh-kaernten.at\/praxisbuero\/files\/2025\/07\/web_komposch-262x300.jpg 262w, https:\/\/blog.fh-kaernten.at\/praxisbuero\/files\/2025\/07\/web_komposch-230x264.jpg 230w, https:\/\/blog.fh-kaernten.at\/praxisbuero\/files\/2025\/07\/web_komposch-350x401.jpg 350w\" sizes=\"(max-width: 480px) 100vw, 480px\" \/>\t\t\t\t\t\t\t\t\t\t\t\t\t\t\t<\/div>\n\t\t\t\t<\/div>\n\t\t\t\t<div class=\"elementor-element elementor-element-0e58811 elementor-widget elementor-widget-text-editor\" data-id=\"0e58811\" data-element_type=\"widget\" data-e-type=\"widget\" data-widget_type=\"text-editor.default\">\n\t\t\t\t<div class=\"elementor-widget-container\">\n\t\t\t\t\t\t\t\t\t<p><strong>DI Verena Komposch, BA MA<\/strong><br \/>Disability &amp; Diversity Studies &#8211; DDS<br \/><a href=\"mailto:v.komposch@fh-kaernten.at\">v.komposch@fh-kaernten.at<\/a><\/p>\t\t\t\t\t\t\t\t<\/div>\n\t\t\t\t<\/div>\n\t\t\t\t\t<\/div>\n\t\t<\/div>\n\t\t\t\t<div class=\"elementor-column elementor-col-25 elementor-top-column elementor-element elementor-element-e9964a3\" data-id=\"e9964a3\" data-element_type=\"column\" data-e-type=\"column\">\n\t\t\t<div class=\"elementor-widget-wrap elementor-element-populated\">\n\t\t\t\t\t\t<div class=\"elementor-element elementor-element-f9e3833 elementor-widget elementor-widget-image\" data-id=\"f9e3833\" data-element_type=\"widget\" data-e-type=\"widget\" data-widget_type=\"image.default\">\n\t\t\t\t<div class=\"elementor-widget-container\">\n\t\t\t\t\t\t\t\t\t\t\t\t\t\t\t<img loading=\"lazy\" decoding=\"async\" width=\"768\" height=\"880\" src=\"https:\/\/blog.fh-kaernten.at\/praxisbuero\/files\/2025\/07\/orga-sabine-murbacher.jpg\" class=\"attachment-large size-large wp-image-1703\" alt=\"\" srcset=\"https:\/\/blog.fh-kaernten.at\/praxisbuero\/files\/2025\/07\/orga-sabine-murbacher.jpg 768w, https:\/\/blog.fh-kaernten.at\/praxisbuero\/files\/2025\/07\/orga-sabine-murbacher-262x300.jpg 262w, https:\/\/blog.fh-kaernten.at\/praxisbuero\/files\/2025\/07\/orga-sabine-murbacher-230x264.jpg 230w, https:\/\/blog.fh-kaernten.at\/praxisbuero\/files\/2025\/07\/orga-sabine-murbacher-350x401.jpg 350w, https:\/\/blog.fh-kaernten.at\/praxisbuero\/files\/2025\/07\/orga-sabine-murbacher-480x550.jpg 480w\" sizes=\"(max-width: 768px) 100vw, 768px\" \/>\t\t\t\t\t\t\t\t\t\t\t\t\t\t\t<\/div>\n\t\t\t\t<\/div>\n\t\t\t\t<div class=\"elementor-element elementor-element-a643ca7 elementor-widget elementor-widget-text-editor\" data-id=\"a643ca7\" data-element_type=\"widget\" data-e-type=\"widget\" data-widget_type=\"text-editor.default\">\n\t\t\t\t<div class=\"elementor-widget-container\">\n\t\t\t\t\t\t\t\t\t<p><strong>Sabine Murbacher, BSc MSc<\/strong><br \/>Ergotherapie<br \/><a href=\"mailto:s.murbacher@fh-kaernten.at\">s.murbacher@fh-kaernten.at<\/a><\/p>\t\t\t\t\t\t\t\t<\/div>\n\t\t\t\t<\/div>\n\t\t\t\t\t<\/div>\n\t\t<\/div>\n\t\t\t\t<div class=\"elementor-column elementor-col-25 elementor-top-column elementor-element elementor-element-49ba932\" data-id=\"49ba932\" data-element_type=\"column\" data-e-type=\"column\">\n\t\t\t<div class=\"elementor-widget-wrap elementor-element-populated\">\n\t\t\t\t\t\t<div class=\"elementor-element elementor-element-60b2a1c elementor-widget elementor-widget-image\" data-id=\"60b2a1c\" data-element_type=\"widget\" data-e-type=\"widget\" data-widget_type=\"image.default\">\n\t\t\t\t<div class=\"elementor-widget-container\">\n\t\t\t\t\t\t\t\t\t\t\t\t\t\t\t<img loading=\"lazy\" decoding=\"async\" width=\"480\" height=\"550\" src=\"https:\/\/blog.fh-kaernten.at\/praxisbuero\/files\/2025\/07\/web_zimmerl.jpg\" class=\"attachment-large size-large wp-image-1705\" alt=\"\" srcset=\"https:\/\/blog.fh-kaernten.at\/praxisbuero\/files\/2025\/07\/web_zimmerl.jpg 480w, https:\/\/blog.fh-kaernten.at\/praxisbuero\/files\/2025\/07\/web_zimmerl-262x300.jpg 262w, https:\/\/blog.fh-kaernten.at\/praxisbuero\/files\/2025\/07\/web_zimmerl-230x264.jpg 230w, https:\/\/blog.fh-kaernten.at\/praxisbuero\/files\/2025\/07\/web_zimmerl-350x401.jpg 350w\" sizes=\"(max-width: 480px) 100vw, 480px\" \/>\t\t\t\t\t\t\t\t\t\t\t\t\t\t\t<\/div>\n\t\t\t\t<\/div>\n\t\t\t\t<div class=\"elementor-element elementor-element-1b273b7 elementor-widget elementor-widget-text-editor\" data-id=\"1b273b7\" data-element_type=\"widget\" data-e-type=\"widget\" data-widget_type=\"text-editor.default\">\n\t\t\t\t<div class=\"elementor-widget-container\">\n\t\t\t\t\t\t\t\t\t<p><strong>DGKP Christine Zimmerl, M. ED<\/strong><br \/>Gesundheits- und Krankenpflege<br \/><a href=\"mailto:c.zimmerl@fh-kaernten.at\">c.zimmerl@fh-kaernten.at<\/a><\/p>\t\t\t\t\t\t\t\t<\/div>\n\t\t\t\t<\/div>\n\t\t\t\t\t<\/div>\n\t\t<\/div>\n\t\t\t\t\t<\/div>\n\t\t<\/section>\n\t\t\t\t<section class=\"elementor-section elementor-top-section elementor-element elementor-element-30b7c95 elementor-section-boxed elementor-section-height-default elementor-section-height-default\" data-id=\"30b7c95\" data-element_type=\"section\" data-e-type=\"section\">\n\t\t\t\t\t\t<div class=\"elementor-container elementor-column-gap-default\">\n\t\t\t\t\t<div class=\"elementor-column elementor-col-25 elementor-top-column elementor-element elementor-element-900d352\" data-id=\"900d352\" data-element_type=\"column\" data-e-type=\"column\">\n\t\t\t<div class=\"elementor-widget-wrap elementor-element-populated\">\n\t\t\t\t\t\t<div class=\"elementor-element elementor-element-ec93128 elementor-widget elementor-widget-image\" data-id=\"ec93128\" data-element_type=\"widget\" data-e-type=\"widget\" data-widget_type=\"image.default\">\n\t\t\t\t<div class=\"elementor-widget-container\">\n\t\t\t\t\t\t\t\t\t\t\t\t\t\t\t<img loading=\"lazy\" decoding=\"async\" width=\"897\" height=\"1024\" src=\"https:\/\/blog.fh-kaernten.at\/praxisbuero\/files\/2026\/02\/eva-sacherer-blog-897x1024.jpg\" class=\"attachment-large size-large wp-image-1849\" alt=\"\" srcset=\"https:\/\/blog.fh-kaernten.at\/praxisbuero\/files\/2026\/02\/eva-sacherer-blog-897x1024.jpg 897w, https:\/\/blog.fh-kaernten.at\/praxisbuero\/files\/2026\/02\/eva-sacherer-blog-263x300.jpg 263w, https:\/\/blog.fh-kaernten.at\/praxisbuero\/files\/2026\/02\/eva-sacherer-blog-768x877.jpg 768w, https:\/\/blog.fh-kaernten.at\/praxisbuero\/files\/2026\/02\/eva-sacherer-blog-1345x1536.jpg 1345w, https:\/\/blog.fh-kaernten.at\/praxisbuero\/files\/2026\/02\/eva-sacherer-blog-1000x1142.jpg 1000w, https:\/\/blog.fh-kaernten.at\/praxisbuero\/files\/2026\/02\/eva-sacherer-blog-230x263.jpg 230w, https:\/\/blog.fh-kaernten.at\/praxisbuero\/files\/2026\/02\/eva-sacherer-blog-350x400.jpg 350w, https:\/\/blog.fh-kaernten.at\/praxisbuero\/files\/2026\/02\/eva-sacherer-blog-480x548.jpg 480w, https:\/\/blog.fh-kaernten.at\/praxisbuero\/files\/2026\/02\/eva-sacherer-blog.jpg 1793w\" sizes=\"(max-width: 897px) 100vw, 897px\" \/>\t\t\t\t\t\t\t\t\t\t\t\t\t\t\t<\/div>\n\t\t\t\t<\/div>\n\t\t\t\t<div class=\"elementor-element elementor-element-d80572c elementor-widget elementor-widget-text-editor\" data-id=\"d80572c\" data-element_type=\"widget\" data-e-type=\"widget\" data-widget_type=\"text-editor.default\">\n\t\t\t\t<div class=\"elementor-widget-container\">\n\t\t\t\t\t\t\t\t\t<p><span data-olk-copy-source=\"MessageBody\"><strong>Mag.<sup>a<\/sup> Eva Sacherer<br \/><\/strong><\/span><span data-olk-copy-source=\"MessageBody\">Dolmetschen \u2013 \u00d6sterreichische Geb\u00e4rdensprache Deutsch<br \/><a href=\"mailto:e.sacherer@fh-kaernten.at\">e.sacherer@fh-kaernten.at<\/a><\/span><\/p>\t\t\t\t\t\t\t\t<\/div>\n\t\t\t\t<\/div>\n\t\t\t\t\t<\/div>\n\t\t<\/div>\n\t\t\t\t<div class=\"elementor-column elementor-col-25 elementor-top-column elementor-element elementor-element-a591d63\" data-id=\"a591d63\" data-element_type=\"column\" data-e-type=\"column\">\n\t\t\t<div class=\"elementor-widget-wrap elementor-element-populated\">\n\t\t\t\t\t\t<div class=\"elementor-element elementor-element-e1da5c9 elementor-widget elementor-widget-image\" data-id=\"e1da5c9\" data-element_type=\"widget\" data-e-type=\"widget\" data-widget_type=\"image.default\">\n\t\t\t\t<div class=\"elementor-widget-container\">\n\t\t\t\t\t\t\t\t\t\t\t\t\t\t\t<img loading=\"lazy\" decoding=\"async\" width=\"879\" height=\"1024\" src=\"https:\/\/blog.fh-kaernten.at\/praxisbuero\/files\/2025\/07\/Collins_Mitarbeiterfoto-Teamsjpeg-879x1024.jpg\" class=\"attachment-large size-large wp-image-1699\" alt=\"\" srcset=\"https:\/\/blog.fh-kaernten.at\/praxisbuero\/files\/2025\/07\/Collins_Mitarbeiterfoto-Teamsjpeg-879x1024.jpg 879w, https:\/\/blog.fh-kaernten.at\/praxisbuero\/files\/2025\/07\/Collins_Mitarbeiterfoto-Teamsjpeg-258x300.jpg 258w, https:\/\/blog.fh-kaernten.at\/praxisbuero\/files\/2025\/07\/Collins_Mitarbeiterfoto-Teamsjpeg-768x894.jpg 768w, https:\/\/blog.fh-kaernten.at\/praxisbuero\/files\/2025\/07\/Collins_Mitarbeiterfoto-Teamsjpeg-1000x1165.jpg 1000w, https:\/\/blog.fh-kaernten.at\/praxisbuero\/files\/2025\/07\/Collins_Mitarbeiterfoto-Teamsjpeg-230x268.jpg 230w, https:\/\/blog.fh-kaernten.at\/praxisbuero\/files\/2025\/07\/Collins_Mitarbeiterfoto-Teamsjpeg-350x408.jpg 350w, https:\/\/blog.fh-kaernten.at\/praxisbuero\/files\/2025\/07\/Collins_Mitarbeiterfoto-Teamsjpeg-480x559.jpg 480w, https:\/\/blog.fh-kaernten.at\/praxisbuero\/files\/2025\/07\/Collins_Mitarbeiterfoto-Teamsjpeg.jpg 1197w\" sizes=\"(max-width: 879px) 100vw, 879px\" \/>\t\t\t\t\t\t\t\t\t\t\t\t\t\t\t<\/div>\n\t\t\t\t<\/div>\n\t\t\t\t<div class=\"elementor-element elementor-element-dcda2ec elementor-widget elementor-widget-text-editor\" data-id=\"dcda2ec\" data-element_type=\"widget\" data-e-type=\"widget\" data-widget_type=\"text-editor.default\">\n\t\t\t\t<div class=\"elementor-widget-container\">\n\t\t\t\t\t\t\t\t\t<p><strong>Magdalena Collins, BA MA MCI<\/strong><br \/>Gesundheits- und Pflegemanagement<br \/><a href=\"mailto:m.collins@fh-kaernten.at\">m.collins@fh-kaernten.at<\/a><\/p>\t\t\t\t\t\t\t\t<\/div>\n\t\t\t\t<\/div>\n\t\t\t\t\t<\/div>\n\t\t<\/div>\n\t\t\t\t<div class=\"elementor-column elementor-col-25 elementor-top-column elementor-element elementor-element-8784e23\" data-id=\"8784e23\" data-element_type=\"column\" data-e-type=\"column\">\n\t\t\t<div class=\"elementor-widget-wrap elementor-element-populated\">\n\t\t\t\t\t\t<div class=\"elementor-element elementor-element-0fcd62c elementor-widget elementor-widget-image\" data-id=\"0fcd62c\" data-element_type=\"widget\" data-e-type=\"widget\" data-widget_type=\"image.default\">\n\t\t\t\t<div class=\"elementor-widget-container\">\n\t\t\t\t\t\t\t\t\t\t\t\t\t\t\t<img loading=\"lazy\" decoding=\"async\" width=\"768\" height=\"880\" src=\"https:\/\/blog.fh-kaernten.at\/praxisbuero\/files\/2025\/07\/orga-barbara-egger.jpg\" class=\"attachment-large size-large wp-image-1701\" alt=\"\" srcset=\"https:\/\/blog.fh-kaernten.at\/praxisbuero\/files\/2025\/07\/orga-barbara-egger.jpg 768w, https:\/\/blog.fh-kaernten.at\/praxisbuero\/files\/2025\/07\/orga-barbara-egger-262x300.jpg 262w, https:\/\/blog.fh-kaernten.at\/praxisbuero\/files\/2025\/07\/orga-barbara-egger-230x264.jpg 230w, https:\/\/blog.fh-kaernten.at\/praxisbuero\/files\/2025\/07\/orga-barbara-egger-350x401.jpg 350w, https:\/\/blog.fh-kaernten.at\/praxisbuero\/files\/2025\/07\/orga-barbara-egger-480x550.jpg 480w\" sizes=\"(max-width: 768px) 100vw, 768px\" \/>\t\t\t\t\t\t\t\t\t\t\t\t\t\t\t<\/div>\n\t\t\t\t<\/div>\n\t\t\t\t<div class=\"elementor-element elementor-element-bbddb71 elementor-widget elementor-widget-text-editor\" data-id=\"bbddb71\" data-element_type=\"widget\" data-e-type=\"widget\" data-widget_type=\"text-editor.default\">\n\t\t\t\t<div class=\"elementor-widget-container\">\n\t\t\t\t\t\t\t\t\t<p><strong>Barbara Egger, BSc MSc<\/strong><br \/>Hebammen<br \/><a href=\"mailto:b.egger@fh-kaernten.at\">b.egger@fh-kaernten.at<\/a><\/p>\t\t\t\t\t\t\t\t<\/div>\n\t\t\t\t<\/div>\n\t\t\t\t\t<\/div>\n\t\t<\/div>\n\t\t\t\t<div class=\"elementor-column elementor-col-25 elementor-top-column elementor-element elementor-element-b45aed5\" data-id=\"b45aed5\" data-element_type=\"column\" data-e-type=\"column\">\n\t\t\t<div class=\"elementor-widget-wrap elementor-element-populated\">\n\t\t\t\t\t\t<div class=\"elementor-element elementor-element-23b489f elementor-widget elementor-widget-image\" data-id=\"23b489f\" data-element_type=\"widget\" data-e-type=\"widget\" data-widget_type=\"image.default\">\n\t\t\t\t<div class=\"elementor-widget-container\">\n\t\t\t\t\t\t\t\t\t\t\t\t\t\t\t<img loading=\"lazy\" decoding=\"async\" width=\"897\" height=\"1024\" src=\"https:\/\/blog.fh-kaernten.at\/praxisbuero\/files\/2025\/10\/Jessenitschnig\u00a9ManuelaWilpernig_blog2-897x1024.jpg\" class=\"attachment-large size-large wp-image-1805\" alt=\"\" srcset=\"https:\/\/blog.fh-kaernten.at\/praxisbuero\/files\/2025\/10\/Jessenitschnig\u00a9ManuelaWilpernig_blog2-897x1024.jpg 897w, https:\/\/blog.fh-kaernten.at\/praxisbuero\/files\/2025\/10\/Jessenitschnig\u00a9ManuelaWilpernig_blog2-263x300.jpg 263w, https:\/\/blog.fh-kaernten.at\/praxisbuero\/files\/2025\/10\/Jessenitschnig\u00a9ManuelaWilpernig_blog2-768x877.jpg 768w, https:\/\/blog.fh-kaernten.at\/praxisbuero\/files\/2025\/10\/Jessenitschnig\u00a9ManuelaWilpernig_blog2-1345x1536.jpg 1345w, https:\/\/blog.fh-kaernten.at\/praxisbuero\/files\/2025\/10\/Jessenitschnig\u00a9ManuelaWilpernig_blog2-1000x1142.jpg 1000w, https:\/\/blog.fh-kaernten.at\/praxisbuero\/files\/2025\/10\/Jessenitschnig\u00a9ManuelaWilpernig_blog2-230x263.jpg 230w, https:\/\/blog.fh-kaernten.at\/praxisbuero\/files\/2025\/10\/Jessenitschnig\u00a9ManuelaWilpernig_blog2-350x400.jpg 350w, https:\/\/blog.fh-kaernten.at\/praxisbuero\/files\/2025\/10\/Jessenitschnig\u00a9ManuelaWilpernig_blog2-480x548.jpg 480w, https:\/\/blog.fh-kaernten.at\/praxisbuero\/files\/2025\/10\/Jessenitschnig\u00a9ManuelaWilpernig_blog2.jpg 1793w\" sizes=\"(max-width: 897px) 100vw, 897px\" \/>\t\t\t\t\t\t\t\t\t\t\t\t\t\t\t<\/div>\n\t\t\t\t<\/div>\n\t\t\t\t<div class=\"elementor-element elementor-element-cf2b134 elementor-widget elementor-widget-text-editor\" data-id=\"cf2b134\" data-element_type=\"widget\" data-e-type=\"widget\" data-widget_type=\"text-editor.default\">\n\t\t\t\t<div class=\"elementor-widget-container\">\n\t\t\t\t\t\t\t\t\t<p><strong>Johanna Jessenitschnig, B.A. BSc MSc<\/strong><br \/>Logop\u00e4die<br \/><a title=\"mailto:j.jessenitschnig@fh-kaernten[dot]at\" href=\"mailto:j.jessenitschnig@fh-kaernten.at\" data-linkindex=\"2\" data-olk-copy-source=\"MessageBody\">j.jessenitschnig@fh-kaernten.at<\/a><\/p>\t\t\t\t\t\t\t\t<\/div>\n\t\t\t\t<\/div>\n\t\t\t\t\t<\/div>\n\t\t<\/div>\n\t\t\t\t\t<\/div>\n\t\t<\/section>\n\t\t\t\t<section class=\"elementor-section elementor-top-section elementor-element elementor-element-a5a69b0 elementor-section-boxed elementor-section-height-default elementor-section-height-default\" data-id=\"a5a69b0\" data-element_type=\"section\" data-e-type=\"section\">\n\t\t\t\t\t\t<div class=\"elementor-container elementor-column-gap-default\">\n\t\t\t\t\t<div class=\"elementor-column elementor-col-25 elementor-top-column elementor-element elementor-element-9878ba7\" data-id=\"9878ba7\" data-element_type=\"column\" data-e-type=\"column\">\n\t\t\t<div class=\"elementor-widget-wrap elementor-element-populated\">\n\t\t\t\t\t\t<div class=\"elementor-element elementor-element-26c02da elementor-widget elementor-widget-image\" data-id=\"26c02da\" data-element_type=\"widget\" data-e-type=\"widget\" data-widget_type=\"image.default\">\n\t\t\t\t<div class=\"elementor-widget-container\">\n\t\t\t\t\t\t\t\t\t\t\t\t\t\t\t<img loading=\"lazy\" decoding=\"async\" width=\"768\" height=\"880\" src=\"https:\/\/blog.fh-kaernten.at\/praxisbuero\/files\/2025\/07\/orga-manuela-riegler.jpg\" class=\"attachment-large size-large wp-image-1702\" alt=\"\" srcset=\"https:\/\/blog.fh-kaernten.at\/praxisbuero\/files\/2025\/07\/orga-manuela-riegler.jpg 768w, https:\/\/blog.fh-kaernten.at\/praxisbuero\/files\/2025\/07\/orga-manuela-riegler-262x300.jpg 262w, https:\/\/blog.fh-kaernten.at\/praxisbuero\/files\/2025\/07\/orga-manuela-riegler-230x264.jpg 230w, https:\/\/blog.fh-kaernten.at\/praxisbuero\/files\/2025\/07\/orga-manuela-riegler-350x401.jpg 350w, https:\/\/blog.fh-kaernten.at\/praxisbuero\/files\/2025\/07\/orga-manuela-riegler-480x550.jpg 480w\" sizes=\"(max-width: 768px) 100vw, 768px\" \/>\t\t\t\t\t\t\t\t\t\t\t\t\t\t\t<\/div>\n\t\t\t\t<\/div>\n\t\t\t\t<div class=\"elementor-element elementor-element-39d27b0 elementor-widget elementor-widget-text-editor\" data-id=\"39d27b0\" data-element_type=\"widget\" data-e-type=\"widget\" data-widget_type=\"text-editor.default\">\n\t\t\t\t<div class=\"elementor-widget-container\">\n\t\t\t\t\t\t\t\t\t<p><strong>Manuela Riegler, MSc<\/strong><br \/>Physiotherapie<br \/><a href=\"mailto:m.riegler@fh-kaernten.at\">m.riegler@fh-kaernten.at<\/a><\/p>\t\t\t\t\t\t\t\t<\/div>\n\t\t\t\t<\/div>\n\t\t\t\t\t<\/div>\n\t\t<\/div>\n\t\t\t\t<div class=\"elementor-column elementor-col-25 elementor-top-column elementor-element elementor-element-4e2c97b\" data-id=\"4e2c97b\" data-element_type=\"column\" data-e-type=\"column\">\n\t\t\t<div class=\"elementor-widget-wrap elementor-element-populated\">\n\t\t\t\t\t\t<div class=\"elementor-element elementor-element-af58f55 elementor-widget elementor-widget-image\" data-id=\"af58f55\" data-element_type=\"widget\" data-e-type=\"widget\" data-widget_type=\"image.default\">\n\t\t\t\t<div class=\"elementor-widget-container\">\n\t\t\t\t\t\t\t\t\t\t\t\t\t\t\t<img loading=\"lazy\" decoding=\"async\" width=\"880\" height=\"1024\" src=\"https:\/\/blog.fh-kaernten.at\/praxisbuero\/files\/2025\/07\/Michaela_Gollner_pr-880x1024.jpg\" class=\"attachment-large size-large wp-image-1700\" alt=\"\" srcset=\"https:\/\/blog.fh-kaernten.at\/praxisbuero\/files\/2025\/07\/Michaela_Gollner_pr-880x1024.jpg 880w, https:\/\/blog.fh-kaernten.at\/praxisbuero\/files\/2025\/07\/Michaela_Gollner_pr-258x300.jpg 258w, https:\/\/blog.fh-kaernten.at\/praxisbuero\/files\/2025\/07\/Michaela_Gollner_pr-768x893.jpg 768w, https:\/\/blog.fh-kaernten.at\/praxisbuero\/files\/2025\/07\/Michaela_Gollner_pr-230x267.jpg 230w, https:\/\/blog.fh-kaernten.at\/praxisbuero\/files\/2025\/07\/Michaela_Gollner_pr-350x407.jpg 350w, https:\/\/blog.fh-kaernten.at\/praxisbuero\/files\/2025\/07\/Michaela_Gollner_pr-480x558.jpg 480w, https:\/\/blog.fh-kaernten.at\/praxisbuero\/files\/2025\/07\/Michaela_Gollner_pr.jpg 1000w\" sizes=\"(max-width: 880px) 100vw, 880px\" \/>\t\t\t\t\t\t\t\t\t\t\t\t\t\t\t<\/div>\n\t\t\t\t<\/div>\n\t\t\t\t<div class=\"elementor-element elementor-element-41a829e elementor-widget elementor-widget-text-editor\" data-id=\"41a829e\" data-element_type=\"widget\" data-e-type=\"widget\" data-widget_type=\"text-editor.default\">\n\t\t\t\t<div class=\"elementor-widget-container\">\n\t\t\t\t\t\t\t\t\t<p><strong>Mag.<sup>a<\/sup> Michaela Gollner, MSc.<\/strong><br \/>Radiologietechnologie<br \/><a href=\"mailto:m.gollner@fh-kaernten.at\">m.gollner@fh-kaernten.at<\/a><\/p>\t\t\t\t\t\t\t\t<\/div>\n\t\t\t\t<\/div>\n\t\t\t\t\t<\/div>\n\t\t<\/div>\n\t\t\t\t<div class=\"elementor-column elementor-col-25 elementor-top-column elementor-element elementor-element-bff742b\" data-id=\"bff742b\" data-element_type=\"column\" data-e-type=\"column\">\n\t\t\t<div class=\"elementor-widget-wrap elementor-element-populated\">\n\t\t\t\t\t\t<div class=\"elementor-element elementor-element-7013954 elementor-widget elementor-widget-image\" data-id=\"7013954\" data-element_type=\"widget\" data-e-type=\"widget\" data-widget_type=\"image.default\">\n\t\t\t\t<div class=\"elementor-widget-container\">\n\t\t\t\t\t\t\t\t\t\t\t\t\t\t\t<img loading=\"lazy\" decoding=\"async\" width=\"896\" height=\"1024\" src=\"https:\/\/blog.fh-kaernten.at\/praxisbuero\/files\/2025\/07\/Bild-Erik-Schuessler-scaled-1-896x1024.jpg\" class=\"attachment-large size-large wp-image-1697\" alt=\"\" srcset=\"https:\/\/blog.fh-kaernten.at\/praxisbuero\/files\/2025\/07\/Bild-Erik-Schuessler-scaled-1-896x1024.jpg 896w, https:\/\/blog.fh-kaernten.at\/praxisbuero\/files\/2025\/07\/Bild-Erik-Schuessler-scaled-1-263x300.jpg 263w, https:\/\/blog.fh-kaernten.at\/praxisbuero\/files\/2025\/07\/Bild-Erik-Schuessler-scaled-1-768x877.jpg 768w, https:\/\/blog.fh-kaernten.at\/praxisbuero\/files\/2025\/07\/Bild-Erik-Schuessler-scaled-1-1345x1536.jpg 1345w, https:\/\/blog.fh-kaernten.at\/praxisbuero\/files\/2025\/07\/Bild-Erik-Schuessler-scaled-1-1793x2048.jpg 1793w, https:\/\/blog.fh-kaernten.at\/praxisbuero\/files\/2025\/07\/Bild-Erik-Schuessler-scaled-1-1000x1142.jpg 1000w, https:\/\/blog.fh-kaernten.at\/praxisbuero\/files\/2025\/07\/Bild-Erik-Schuessler-scaled-1-230x263.jpg 230w, https:\/\/blog.fh-kaernten.at\/praxisbuero\/files\/2025\/07\/Bild-Erik-Schuessler-scaled-1-350x400.jpg 350w, https:\/\/blog.fh-kaernten.at\/praxisbuero\/files\/2025\/07\/Bild-Erik-Schuessler-scaled-1-480x548.jpg 480w\" sizes=\"(max-width: 896px) 100vw, 896px\" \/>\t\t\t\t\t\t\t\t\t\t\t\t\t\t\t<\/div>\n\t\t\t\t<\/div>\n\t\t\t\t<div class=\"elementor-element elementor-element-99ec98d elementor-widget elementor-widget-text-editor\" data-id=\"99ec98d\" data-element_type=\"widget\" data-e-type=\"widget\" data-widget_type=\"text-editor.default\">\n\t\t\t\t<div class=\"elementor-widget-container\">\n\t\t\t\t\t\t\t\t\t<p><strong>Erik Sch\u00fc\u00dfler, BA MA<\/strong><br \/>Soziale Arbeit<br \/><a href=\"mailto:e.schuessler@fh-kaernten.at\">e.schuessler@fh-kaernten.at<\/a><\/p>\t\t\t\t\t\t\t\t<\/div>\n\t\t\t\t<\/div>\n\t\t\t\t\t<\/div>\n\t\t<\/div>\n\t\t\t\t<div class=\"elementor-column elementor-col-25 elementor-top-column elementor-element elementor-element-08d0ece\" data-id=\"08d0ece\" data-element_type=\"column\" data-e-type=\"column\">\n\t\t\t<div class=\"elementor-widget-wrap\">\n\t\t\t\t\t\t\t<\/div>\n\t\t<\/div>\n\t\t\t\t\t<\/div>\n\t\t<\/section>\n\t\t\t\t<section class=\"elementor-section elementor-top-section elementor-element elementor-element-06a42f8 elementor-section-stretched elementor-section-boxed elementor-section-height-default elementor-section-height-default\" data-id=\"06a42f8\" data-element_type=\"section\" data-e-type=\"section\" data-settings=\"{&quot;stretch_section&quot;:&quot;section-stretched&quot;,&quot;background_background&quot;:&quot;classic&quot;}\">\n\t\t\t\t\t\t<div class=\"elementor-container elementor-column-gap-default\">\n\t\t\t\t\t<div class=\"elementor-column elementor-col-100 elementor-top-column elementor-element elementor-element-acd7719\" data-id=\"acd7719\" data-element_type=\"column\" data-e-type=\"column\">\n\t\t\t<div class=\"elementor-widget-wrap elementor-element-populated\">\n\t\t\t\t\t\t<div class=\"elementor-element elementor-element-367b472 elementor-widget elementor-widget-heading\" data-id=\"367b472\" data-element_type=\"widget\" data-e-type=\"widget\" data-widget_type=\"heading.default\">\n\t\t\t\t<div class=\"elementor-widget-container\">\n\t\t\t\t\t<h4 class=\"elementor-heading-title elementor-size-default\"> FH K\u00e4rnten Jobportal ...<\/h4>\t\t\t\t<\/div>\n\t\t\t\t<\/div>\n\t\t\t\t<div class=\"elementor-element elementor-element-0972ac8 elementor-widget elementor-widget-heading\" data-id=\"0972ac8\" data-element_type=\"widget\" data-e-type=\"widget\" data-widget_type=\"heading.default\">\n\t\t\t\t<div class=\"elementor-widget-container\">\n\t\t\t\t\t<h6 class=\"elementor-heading-title elementor-size-default\">... f\u00fcr Studierende, Alumni &amp; externe User* <\/h6>\t\t\t\t<\/div>\n\t\t\t\t<\/div>\n\t\t\t\t<div class=\"elementor-element elementor-element-816abec elementor-widget elementor-widget-text-editor\" data-id=\"816abec\" data-element_type=\"widget\" data-e-type=\"widget\" data-widget_type=\"text-editor.default\">\n\t\t\t\t<div class=\"elementor-widget-container\">\n\t\t\t\t\t\t\t\t\t<p style=\"text-align: center;\"><span data-olk-copy-source=\"MessageBody\">Wenn Sie als Studierende*r einen Praktikumsplatz suchen, ist das FH K\u00e4rnten Jobportal ein guter Start. <br \/>Neben Praktika finden Sie hier auch (Neben)jobs und Angebote zu Study &amp; Work<\/span>.<\/p>\t\t\t\t\t\t\t\t<\/div>\n\t\t\t\t<\/div>\n\t\t\t\t<div class=\"elementor-element elementor-element-e80d0f6 elementor-widget elementor-widget-image\" data-id=\"e80d0f6\" data-element_type=\"widget\" data-e-type=\"widget\" data-widget_type=\"image.default\">\n\t\t\t\t<div class=\"elementor-widget-container\">\n\t\t\t\t\t\t\t\t\t\t\t\t\t\t\t\t<a href=\"https:\/\/fh-kaernten.jobteaser.com\/\" target=\"_blank\">\n\t\t\t\t\t\t\t<img loading=\"lazy\" decoding=\"async\" width=\"300\" height=\"225\" src=\"https:\/\/blog.fh-kaernten.at\/praxisbuero\/files\/2024\/11\/jobportal-studierende-300x225.jpg\" class=\"attachment-medium size-medium wp-image-1326\" alt=\"\" srcset=\"https:\/\/blog.fh-kaernten.at\/praxisbuero\/files\/2024\/11\/jobportal-studierende-300x225.jpg 300w, https:\/\/blog.fh-kaernten.at\/praxisbuero\/files\/2024\/11\/jobportal-studierende-1024x768.jpg 1024w, https:\/\/blog.fh-kaernten.at\/praxisbuero\/files\/2024\/11\/jobportal-studierende-768x576.jpg 768w, https:\/\/blog.fh-kaernten.at\/praxisbuero\/files\/2024\/11\/jobportal-studierende-1000x750.jpg 1000w, https:\/\/blog.fh-kaernten.at\/praxisbuero\/files\/2024\/11\/jobportal-studierende-230x173.jpg 230w, https:\/\/blog.fh-kaernten.at\/praxisbuero\/files\/2024\/11\/jobportal-studierende-350x263.jpg 350w, https:\/\/blog.fh-kaernten.at\/praxisbuero\/files\/2024\/11\/jobportal-studierende-480x360.jpg 480w, https:\/\/blog.fh-kaernten.at\/praxisbuero\/files\/2024\/11\/jobportal-studierende.jpg 1110w\" sizes=\"(max-width: 300px) 100vw, 300px\" \/>\t\t\t\t\t\t\t\t<\/a>\n\t\t\t\t\t\t\t\t\t\t\t\t\t\t\t<\/div>\n\t\t\t\t<\/div>\n\t\t\t\t<div class=\"elementor-element elementor-element-4f8ea69 elementor-align-center elementor-widget elementor-widget-button\" data-id=\"4f8ea69\" data-element_type=\"widget\" data-e-type=\"widget\" data-widget_type=\"button.default\">\n\t\t\t\t<div class=\"elementor-widget-container\">\n\t\t\t\t\t\t\t\t\t<div class=\"elementor-button-wrapper\">\n\t\t\t\t\t<a class=\"elementor-button elementor-button-link elementor-size-sm\" href=\"https:\/\/fh-kaernten.jobteaser.com\/\" target=\"_blank\">\n\t\t\t\t\t\t<span class=\"elementor-button-content-wrapper\">\n\t\t\t\t\t\t\t\t\t<span class=\"elementor-button-text\">Jobportal f\u00fcr Studierende, Alumni &amp; externe User<\/span>\n\t\t\t\t\t<\/span>\n\t\t\t\t\t<\/a>\n\t\t\t\t<\/div>\n\t\t\t\t\t\t\t\t<\/div>\n\t\t\t\t<\/div>\n\t\t\t\t<div class=\"elementor-element elementor-element-53cd22c elementor-widget elementor-widget-text-editor\" data-id=\"53cd22c\" data-element_type=\"widget\" data-e-type=\"widget\" data-widget_type=\"text-editor.default\">\n\t\t\t\t<div class=\"elementor-widget-container\">\n\t\t\t\t\t\t\t\t\t<p><small>*Jobteaser ist ein externer Anbieter der \u00fcber das Alumni &amp; Karriereservice der FH K\u00e4rnten angeboten wird. Die externe Jobplattform unterst\u00fctzt Sie bei der Stellensuche und dem Berufseinstieg. Nach einer Registrierung bei der externen Jobplattform steht Ihnen ein umfangreiches kostenloses Angebot zur Verf\u00fcgung. (mit der Registrierung gehen Sie ausschlie\u00dflich mit dem externen Anbieter Jobteaser ein kostenloses Vertragsverh\u00e4ltnis ein).<br \/>Datenschutzinformationen zu diesem Service sind unter dem Jobteaser-Link:\u00a0<a href=\"https:\/\/corporate.jobteaser.com\/de\/career-center\/data\/\" target=\"_blank\" rel=\"noopener\">https:\/\/corporate.jobteaser.com\/de\/career-center\/data\/<\/a> verf\u00fcgbar.<\/small><\/p>\t\t\t\t\t\t\t\t<\/div>\n\t\t\t\t<\/div>\n\t\t\t\t\t<\/div>\n\t\t<\/div>\n\t\t\t\t\t<\/div>\n\t\t<\/section>\n\t\t\t\t<section class=\"elementor-section elementor-top-section elementor-element elementor-element-2a452ef elementor-section-boxed elementor-section-height-default elementor-section-height-default\" data-id=\"2a452ef\" data-element_type=\"section\" data-e-type=\"section\">\n\t\t\t\t\t\t<div class=\"elementor-container elementor-column-gap-default\">\n\t\t\t\t\t<div class=\"elementor-column elementor-col-100 elementor-top-column elementor-element elementor-element-96e8a99\" data-id=\"96e8a99\" data-element_type=\"column\" data-e-type=\"column\">\n\t\t\t<div class=\"elementor-widget-wrap\">\n\t\t\t\t\t\t\t<\/div>\n\t\t<\/div>\n\t\t\t\t\t<\/div>\n\t\t<\/section>\n\t\t\t\t<\/div>\n\t\t","protected":false},"excerpt":{"rendered":"<p>Praktikumstage an der FH K\u00e4rnten: Ein Gewinn f\u00fcr Studierende und Unternehmen Mit \u00fcber 1000 Praktika pro Jahr absolvieren die Studierenden des Bereichs [&hellip;]<\/p>\n","protected":false},"author":48,"featured_media":0,"parent":0,"menu_order":0,"comment_status":"closed","ping_status":"closed","template":"elementor_header_footer","meta":{"inline_featured_image":false,"footnotes":""},"class_list":["post-1148","page","type-page","status-publish","hentry"],"yoast_head":"<!-- This site is optimized with the Yoast SEO plugin v27.5 - https:\/\/yoast.com\/product\/yoast-seo-wordpress\/ -->\n<title>Tipps &amp; Infos zu Praktika - Praxisb\u00fcro<\/title>\n<meta name=\"robots\" content=\"index, follow, max-snippet:-1, max-image-preview:large, max-video-preview:-1\" \/>\n<link rel=\"canonical\" href=\"https:\/\/blog.fh-kaernten.at\/praxisbuero\/tipps-infos-zu-praktika\/\" \/>\n<meta property=\"og:locale\" content=\"de_DE\" \/>\n<meta property=\"og:type\" content=\"article\" \/>\n<meta property=\"og:title\" content=\"Tipps &amp; Infos zu Praktika - Praxisb\u00fcro\" \/>\n<meta property=\"og:description\" content=\"Praktikumstage an der FH K\u00e4rnten: Ein Gewinn f\u00fcr Studierende und Unternehmen Mit \u00fcber 1000 Praktika pro Jahr absolvieren die Studierenden des Bereichs [&hellip;]\" \/>\n<meta property=\"og:url\" content=\"https:\/\/blog.fh-kaernten.at\/praxisbuero\/tipps-infos-zu-praktika\/\" \/>\n<meta property=\"og:site_name\" content=\"Praxisb\u00fcro\" \/>\n<meta property=\"article:modified_time\" content=\"2026-02-09T15:37:36+00:00\" \/>\n<meta property=\"og:image\" content=\"https:\/\/blog.fh-kaernten.at\/praxisbuero\/files\/2026\/02\/save-the-date-26.jpg\" \/>\n\t<meta property=\"og:image:width\" content=\"2268\" \/>\n\t<meta property=\"og:image:height\" content=\"702\" \/>\n\t<meta property=\"og:image:type\" content=\"image\/jpeg\" \/>\n<meta name=\"twitter:card\" content=\"summary_large_image\" \/>\n<meta name=\"twitter:label1\" content=\"Gesch\u00e4tzte Lesezeit\" \/>\n\t<meta name=\"twitter:data1\" content=\"8\u00a0Minuten\" \/>\n<script type=\"application\/ld+json\" class=\"yoast-schema-graph\">{\"@context\":\"https:\\\/\\\/schema.org\",\"@graph\":[{\"@type\":\"WebPage\",\"@id\":\"https:\\\/\\\/blog.fh-kaernten.at\\\/praxisbuero\\\/tipps-infos-zu-praktika\\\/\",\"url\":\"https:\\\/\\\/blog.fh-kaernten.at\\\/praxisbuero\\\/tipps-infos-zu-praktika\\\/\",\"name\":\"Tipps &amp; Infos zu Praktika - Praxisb\u00fcro\",\"isPartOf\":{\"@id\":\"https:\\\/\\\/blog.fh-kaernten.at\\\/praxisbuero\\\/#website\"},\"primaryImageOfPage\":{\"@id\":\"https:\\\/\\\/blog.fh-kaernten.at\\\/praxisbuero\\\/tipps-infos-zu-praktika\\\/#primaryimage\"},\"image\":{\"@id\":\"https:\\\/\\\/blog.fh-kaernten.at\\\/praxisbuero\\\/tipps-infos-zu-praktika\\\/#primaryimage\"},\"thumbnailUrl\":\"https:\\\/\\\/blog.fh-kaernten.at\\\/praxisbuero\\\/files\\\/2026\\\/02\\\/save-the-date-26-1024x317.jpg\",\"datePublished\":\"2024-08-12T12:22:01+00:00\",\"dateModified\":\"2026-02-09T15:37:36+00:00\",\"breadcrumb\":{\"@id\":\"https:\\\/\\\/blog.fh-kaernten.at\\\/praxisbuero\\\/tipps-infos-zu-praktika\\\/#breadcrumb\"},\"inLanguage\":\"de\",\"potentialAction\":[{\"@type\":\"ReadAction\",\"target\":[\"https:\\\/\\\/blog.fh-kaernten.at\\\/praxisbuero\\\/tipps-infos-zu-praktika\\\/\"]}]},{\"@type\":\"ImageObject\",\"inLanguage\":\"de\",\"@id\":\"https:\\\/\\\/blog.fh-kaernten.at\\\/praxisbuero\\\/tipps-infos-zu-praktika\\\/#primaryimage\",\"url\":\"https:\\\/\\\/blog.fh-kaernten.at\\\/praxisbuero\\\/files\\\/2026\\\/02\\\/save-the-date-26.jpg\",\"contentUrl\":\"https:\\\/\\\/blog.fh-kaernten.at\\\/praxisbuero\\\/files\\\/2026\\\/02\\\/save-the-date-26.jpg\",\"width\":2268,\"height\":702},{\"@type\":\"BreadcrumbList\",\"@id\":\"https:\\\/\\\/blog.fh-kaernten.at\\\/praxisbuero\\\/tipps-infos-zu-praktika\\\/#breadcrumb\",\"itemListElement\":[{\"@type\":\"ListItem\",\"position\":1,\"name\":\"Startseite\",\"item\":\"https:\\\/\\\/blog.fh-kaernten.at\\\/praxisbuero\\\/\"},{\"@type\":\"ListItem\",\"position\":2,\"name\":\"Tipps &amp; Infos zu Praktika\"}]},{\"@type\":\"WebSite\",\"@id\":\"https:\\\/\\\/blog.fh-kaernten.at\\\/praxisbuero\\\/#website\",\"url\":\"https:\\\/\\\/blog.fh-kaernten.at\\\/praxisbuero\\\/\",\"name\":\"Praxisb\u00fcro\",\"description\":\"\",\"potentialAction\":[{\"@type\":\"SearchAction\",\"target\":{\"@type\":\"EntryPoint\",\"urlTemplate\":\"https:\\\/\\\/blog.fh-kaernten.at\\\/praxisbuero\\\/?s={search_term_string}\"},\"query-input\":{\"@type\":\"PropertyValueSpecification\",\"valueRequired\":true,\"valueName\":\"search_term_string\"}}],\"inLanguage\":\"de\"}]}<\/script>\n<!-- \/ Yoast SEO plugin. -->","yoast_head_json":{"title":"Tipps &amp; Infos zu Praktika - Praxisb\u00fcro","robots":{"index":"index","follow":"follow","max-snippet":"max-snippet:-1","max-image-preview":"max-image-preview:large","max-video-preview":"max-video-preview:-1"},"canonical":"https:\/\/blog.fh-kaernten.at\/praxisbuero\/tipps-infos-zu-praktika\/","og_locale":"de_DE","og_type":"article","og_title":"Tipps &amp; Infos zu Praktika - Praxisb\u00fcro","og_description":"Praktikumstage an der FH K\u00e4rnten: Ein Gewinn f\u00fcr Studierende und Unternehmen Mit \u00fcber 1000 Praktika pro Jahr absolvieren die Studierenden des Bereichs [&hellip;]","og_url":"https:\/\/blog.fh-kaernten.at\/praxisbuero\/tipps-infos-zu-praktika\/","og_site_name":"Praxisb\u00fcro","article_modified_time":"2026-02-09T15:37:36+00:00","og_image":[{"width":2268,"height":702,"url":"https:\/\/blog.fh-kaernten.at\/praxisbuero\/files\/2026\/02\/save-the-date-26.jpg","type":"image\/jpeg"}],"twitter_card":"summary_large_image","twitter_misc":{"Gesch\u00e4tzte Lesezeit":"8\u00a0Minuten"},"schema":{"@context":"https:\/\/schema.org","@graph":[{"@type":"WebPage","@id":"https:\/\/blog.fh-kaernten.at\/praxisbuero\/tipps-infos-zu-praktika\/","url":"https:\/\/blog.fh-kaernten.at\/praxisbuero\/tipps-infos-zu-praktika\/","name":"Tipps &amp; Infos zu Praktika - Praxisb\u00fcro","isPartOf":{"@id":"https:\/\/blog.fh-kaernten.at\/praxisbuero\/#website"},"primaryImageOfPage":{"@id":"https:\/\/blog.fh-kaernten.at\/praxisbuero\/tipps-infos-zu-praktika\/#primaryimage"},"image":{"@id":"https:\/\/blog.fh-kaernten.at\/praxisbuero\/tipps-infos-zu-praktika\/#primaryimage"},"thumbnailUrl":"https:\/\/blog.fh-kaernten.at\/praxisbuero\/files\/2026\/02\/save-the-date-26-1024x317.jpg","datePublished":"2024-08-12T12:22:01+00:00","dateModified":"2026-02-09T15:37:36+00:00","breadcrumb":{"@id":"https:\/\/blog.fh-kaernten.at\/praxisbuero\/tipps-infos-zu-praktika\/#breadcrumb"},"inLanguage":"de","potentialAction":[{"@type":"ReadAction","target":["https:\/\/blog.fh-kaernten.at\/praxisbuero\/tipps-infos-zu-praktika\/"]}]},{"@type":"ImageObject","inLanguage":"de","@id":"https:\/\/blog.fh-kaernten.at\/praxisbuero\/tipps-infos-zu-praktika\/#primaryimage","url":"https:\/\/blog.fh-kaernten.at\/praxisbuero\/files\/2026\/02\/save-the-date-26.jpg","contentUrl":"https:\/\/blog.fh-kaernten.at\/praxisbuero\/files\/2026\/02\/save-the-date-26.jpg","width":2268,"height":702},{"@type":"BreadcrumbList","@id":"https:\/\/blog.fh-kaernten.at\/praxisbuero\/tipps-infos-zu-praktika\/#breadcrumb","itemListElement":[{"@type":"ListItem","position":1,"name":"Startseite","item":"https:\/\/blog.fh-kaernten.at\/praxisbuero\/"},{"@type":"ListItem","position":2,"name":"Tipps &amp; Infos zu Praktika"}]},{"@type":"WebSite","@id":"https:\/\/blog.fh-kaernten.at\/praxisbuero\/#website","url":"https:\/\/blog.fh-kaernten.at\/praxisbuero\/","name":"Praxisb\u00fcro","description":"","potentialAction":[{"@type":"SearchAction","target":{"@type":"EntryPoint","urlTemplate":"https:\/\/blog.fh-kaernten.at\/praxisbuero\/?s={search_term_string}"},"query-input":{"@type":"PropertyValueSpecification","valueRequired":true,"valueName":"search_term_string"}}],"inLanguage":"de"}]}},"_links":{"self":[{"href":"https:\/\/blog.fh-kaernten.at\/praxisbuero\/wp-json\/wp\/v2\/pages\/1148","targetHints":{"allow":["GET"]}}],"collection":[{"href":"https:\/\/blog.fh-kaernten.at\/praxisbuero\/wp-json\/wp\/v2\/pages"}],"about":[{"href":"https:\/\/blog.fh-kaernten.at\/praxisbuero\/wp-json\/wp\/v2\/types\/page"}],"author":[{"embeddable":true,"href":"https:\/\/blog.fh-kaernten.at\/praxisbuero\/wp-json\/wp\/v2\/users\/48"}],"replies":[{"embeddable":true,"href":"https:\/\/blog.fh-kaernten.at\/praxisbuero\/wp-json\/wp\/v2\/comments?post=1148"}],"version-history":[{"count":0,"href":"https:\/\/blog.fh-kaernten.at\/praxisbuero\/wp-json\/wp\/v2\/pages\/1148\/revisions"}],"wp:attachment":[{"href":"https:\/\/blog.fh-kaernten.at\/praxisbuero\/wp-json\/wp\/v2\/media?parent=1148"}],"curies":[{"name":"wp","href":"https:\/\/api.w.org\/{rel}","templated":true}]}}