{"id":918,"date":"2020-09-25T10:39:53","date_gmt":"2020-09-25T08:39:53","guid":{"rendered":"http:\/\/blog.fh-kaernten.at\/klemenjak\/?page_id=918"},"modified":"2025-12-17T19:29:40","modified_gmt":"2025-12-17T17:29:40","slug":"publikationen","status":"publish","type":"page","link":"https:\/\/blog.fh-kaernten.at\/klemenjak\/publikationen\/","title":{"rendered":"Publikationen"},"content":{"rendered":"<p><strong>B\u00fccher und Tagungsdokumentationen (Monographien und Herausgeberschaften)<\/strong><\/p>\n<p>Klemenjak, Martin\/Weidlitsch, Daniel (Hrsg.) (2022): Wie lange k\u00f6nnen wir uns das noch leisten? Warum Verteilungsgerechtigkeit die Demokratie f\u00f6rdert \u2013 Dokumentation der \u201eK\u00e4rntner Gespr\u00e4che zur demokratiepolitischen Bildung 2021\u201c, Kammer f\u00fcr Arbeiter und Angestellte f\u00fcr K\u00e4rnten, Klagenfurt. (Schriftenreihe \u201eArbeit &amp; Bildung\u201c, hrsg. von der Kammer f\u00fcr Arbeiter und Angestellte f\u00fcr K\u00e4rnten)<\/p>\n<p>Klemenjak, Martin\/Pichler, Heinz\/Weidlitsch, Daniel (Hrsg.) (2021): Corona-Krise \u2013 Herausforderungen f\u00fcr die Demokratie? R\u00fcckblick &amp; Ausblick \u2013 Dokumentation der \u201eK\u00e4rntner Gespr\u00e4che zur demokratiepolitischen Bildung 2020\u201c, Kammer f\u00fcr Arbeiter und Angestellte f\u00fcr K\u00e4rnten, Klagenfurt. (Schriftenreihe \u201eArbeit &amp; Bildung\u201c, hrsg. von der Kammer f\u00fcr Arbeiter und Angestellte f\u00fcr K\u00e4rnten)<\/p>\n<p>Arnold, Helmut\/Dungs, Susanne\/Klemenjak, Martin\/Pichler, Christine (Hrsg.) (2021): Wandel der Erwerbsarbeit \u2013 Innovative Ans\u00e4tze der Inklusion, Beltz Juventa Verlag, Weinheim\/Basel.<\/p>\n<p>Klemenjak, Martin\/Pichler, Heinz\/Weidlitsch, Daniel (Hrsg.) (2020): Demokratie und Digitalisierung \u2013 Chancen &amp; Risiken der Digitalisierung f\u00fcr das demokratische Gemeinwesen \u2013 Dokumentation der \u201eK\u00e4rntner Gespr\u00e4che zur demokratiepolitischen Bildung 2019\u201c, Kammer f\u00fcr Arbeiter und Angestellte f\u00fcr K\u00e4rnten, Klagenfurt. (Schriftenreihe \u201eArbeit &amp; Bildung\u201c, hrsg. von der Kammer f\u00fcr Arbeiter und Angestellte f\u00fcr K\u00e4rnten)<\/p>\n<p>Klemenjak, Martin\/Pichler, Heinz (Hrsg.) (2019): Demokratie oder Neoliberalismus? Wie der Neoliberalismus unsere Lebenswelten durchdringt \u2013 Dokumentation der \u201eK\u00e4rntner Gespr\u00e4che zur demokratiepolitischen Bildung 2018\u201c, Kammer f\u00fcr Arbeiter und Angestellte f\u00fcr K\u00e4rnten, Klagenfurt. (Schriftenreihe \u201eArbeit &amp; Bildung\u201c, hrsg. von der Kammer f\u00fcr Arbeiter und Angestellte f\u00fcr K\u00e4rnten)<\/p>\n<p>Klemenjak, Martin\/Pichler, Heinz (Hrsg.) (2018): \u201eVive l\u2019Europe \u2013 es lebe Europa!\u201c \u2013 Dokumentation der \u201eK\u00e4rntner Gespr\u00e4che zur demokratiepolitischen Bildung 2017\u201c, Kammer f\u00fcr Arbeiter und Angestellte f\u00fcr K\u00e4rnten, Klagenfurt. (Schriftenreihe \u201eArbeit &amp; Bildung\u201c, hrsg. von der Kammer f\u00fcr Arbeiter und Angestellte f\u00fcr K\u00e4rnten)<\/p>\n<p>Klemenjak, Martin\/Pichler, Heinz (Hrsg.) (2017): Die SOZIALEN FRAGEN im 21. Jahrhundert. Erkennen \u2013 benennen \u2013 ver\u00e4ndern. Dokumentation der \u201eK\u00e4rntner Gespr\u00e4che zur demokratiepolitischen Bildung 2016\u201c, Kammer f\u00fcr Arbeiter und Angestellte f\u00fcr K\u00e4rnten, Klagenfurt. (Schriftenreihe \u201eArbeit &amp; Bildung\u201c, hrsg. von der Kammer f\u00fcr Arbeiter und Angestellte f\u00fcr K\u00e4rnten)<\/p>\n<p>Klemenjak, Martin\/Pichler, Heinz (Hrsg.) (2016): Demokratie in der KRISE, Krise in der Demokratie?! \u2013 Dokumentation der \u201eK\u00e4rntner Gespr\u00e4che zur demokratiepolitischen Bildung 2015\u201c, Kammer f\u00fcr Arbeiter und Angestellte f\u00fcr K\u00e4rnten, Klagenfurt. (Schriftenreihe \u201eArbeit &amp; Bildung\u201c, hrsg. von der Kammer f\u00fcr Arbeiter und Angestellte f\u00fcr K\u00e4rnten)<\/p>\n<p>Pichler, Heinz\/Klemenjak, Martin (Hrsg.) (2015): \u2026 damit der soziale Grundwasserspiegel wieder steigt! Reflexionen zur Sozialen Frage im 21. Jahrhundert \u2013 Emmerich T\u00e1los im Gespr\u00e4ch mit Peter Kaiser, Wieser Verlag, Klagenfurt (inkl. DVD).<\/p>\n<p>Klemenjak, Martin\/Pichler, Heinz (Hrsg.) (2015): Demokratie vererbt sich nicht \u2013 Partizipation RELOADED \u2013 Dokumentation der \u201eK\u00e4rntner Gespr\u00e4che zur demokratiepolitischen Bildung 2014\u201c, Kammer f\u00fcr Arbeiter und Angestellte f\u00fcr K\u00e4rnten, Klagenfurt. (Schriftenreihe \u201eArbeit &amp; Bildung\u201c, hrsg. von der Kammer f\u00fcr Arbeiter und Angestellte f\u00fcr K\u00e4rnten)<\/p>\n<p>Gressl, Martin\/Klemenjak, Martin\/Klepp, Cornelia\/Pichler, Heinz\/Rottermanner, Doris\/Scherling, Josefine (Hrsg.) (2014): Populismus und Rassismus im Vormarsch? \u2013 Dokumentation der \u201eK\u00e4rntner Gespr\u00e4che zur demokratiepolitischen Bildung 2013\u201c, Kammer f\u00fcr Arbeiter und Angestellte f\u00fcr K\u00e4rnten, Klagenfurt. (Schriftenreihe \u201eArbeit &amp; Bildung\u201c, hrsg. von der Kammer f\u00fcr Arbeiter und Angestellte f\u00fcr K\u00e4rnten)<\/p>\n<p>Klemenjak, Martin\/Klepp, Cornelia\/Pichler, Heinz\/Wucherer, Otto (Hrsg.) (2012): Politische Bildung \u2013 Dokumentation zur Gespr\u00e4chsreihe \u2013 April bis Dezember 2011, Kammer f\u00fcr Arbeiter und Angestellte f\u00fcr K\u00e4rnten, Klagenfurt. (Schriftenreihe \u201eArbeit &amp; Bildung\u201c, hrsg. von der Kammer f\u00fcr Arbeiter und Angestellte f\u00fcr K\u00e4rnten)<\/p>\n<p>Klemenjak, Martin (Hrsg.) (2011): Perspektiven f\u00fcr einen sozialen l\u00e4ndlichen Raum \u2013 Empfehlungen an die kommunale Sozialpolitik, Verlag Hermagoras\/Mohorjeva, Klagenfurt\/Ljubljana\/Wien.<\/p>\n<p>Klemenjak, Martin (2006): Die Lehrlingsausbildung (k)ein Zukunftsthema? \u2013 Das innovative Netzwerk \u201eInterkommunaler Ausbildungsverbund K\u00e4rnten\u201c, KVERLAG, Klagenfurt.<\/p>\n<p>&nbsp;<\/p>\n<p><strong>Beitr\u00e4ge in Sammelb\u00e4nden<\/strong><\/p>\n<p>Klemenjak, Martin (2025): Was wir von der Windr\u00e4der-Volksbefragung lernen k\u00f6nnen \u2013 Anmerkungen zur direkten Demokratie. In: Anderwald, Karl\/Hren, Karl\/Stainer-H\u00e4mmerle, Kathrin (Hrsg.): K\u00e4rntner Jahrbuch f\u00fcr Politik 2025\/Koro\u0161ki politi\u010dni zbornik 2025, Verlag Hermagoras\/Mohorjeva, Klagenfurt\/Ljubljana\/Wien, S. 70 bis 78.<\/p>\n<p>Klemenjak, Martin (2024): Die EU-Wahl 2024 aus K\u00e4rntner Sicht. In: Anderwald, Karl\/Hren, Karl\/Stainer-H\u00e4mmerle, Kathrin (Hrsg.): K\u00e4rntner Jahrbuch f\u00fcr Politik 2024\/Koro\u0161ki politi\u010dni zbornik 2024, Verlag Hermagoras\/Mohorjeva, Klagenfurt\/Ljubljana\/Wien, S. 39 bis 54.<\/p>\n<p>Klemenjak, Martin (2024): Berufliche Integration von Jugendlichen und jungen Erwachsenen mit Behinderungen und Benachteiligungen \u2013 exemplarisch ausgew\u00e4hlte Ans\u00e4tze und Ma\u00dfnahmen. In: Lauermann, Karin\/More, Rahel\/Sigot, Marion\/Sting, Stephan (Hrsg.): Soziale Arbeit zwischen Inklusion und Exklusion \u2013 Perspektiven aus Forschung und Praxis, Verlag Barbara Budrich, Opladen\/Berlin\/Toronto. (Schriftenreihe der \u00d6FEB-Sektion Sozialp\u00e4dagogik, Band 17), S. 72 bis 82.<\/p>\n<p>Klemenjak, Martin (2023): Die K\u00e4rntner Landtagswahl 2023 \u2013 Zum Ergebnis der Gr\u00fcnen und der NEOS. In: Anderwald, Karl\/Hren, Karl\/Stainer-H\u00e4mmerle, Kathrin (Hrsg.): K\u00e4rntner Jahrbuch f\u00fcr Politik 2023\/Koro\u0161ki politi\u010dni zbornik 2023, Verlag Hermagoras\/Mohorjeva, Klagenfurt\/Ljubljana\/Wien, S. 56 bis 69.<\/p>\n<p>Klemenjak, Martin (2023): \u201eDemokratie vererbt sich nicht!\u201c \u2013 Die Zukunft mit Hilfe einer Werkstatt gestalten. In: Fachhochschule St. P\u00f6lten (Hrsg.): \u201eConnecting Research\u201c, Tagungsband zum 16. Forschungsforum der \u00f6sterreichischen Fachhochschulen, 19. und 20. April 2023, Fachhochschule St. P\u00f6lten, FFH2023_158, Seite 1 bis 4, Zugriff am 26. Juli 2023 unter http:\/\/ffhoarep.fh-ooe.at\/handle\/123456789\/1667.<\/p>\n<p>Klemenjak, Martin (2023): Die \u201eK\u00e4rntner Gespr\u00e4che zur demokratiepolitischen Bildung\u201c \u2013 eine Einf\u00fchrung. In: Kammer f\u00fcr Arbeiter und Angestellte f\u00fcr K\u00e4rnten (Hrsg.): (Ohn-)Macht der Demokratie, Verlag des \u00d6GB, Wien, S. 12 bis 21.<\/p>\n<p>Klemenjak, Martin (2022): Demokratie leben lernen \u2013 Pl\u00e4doyer f\u00fcr eine demokratiepolitische Bildung. In: Seywald, Wilfried (Hrsg.): WANDEL \u2013 Wie kommt das Neue ins System? \u2013 LESEBUCH Europ\u00e4ische Toleranzgespr\u00e4che 2022, BoD \u2013 Books on Demand, Norderstedt. (Reihe: Edition im Auftrag des Vereins Denk.Raum.Fresach \u2013 Europ\u00e4isches Toleranzzentrum, Band 1), S. 60 bis 64.<\/p>\n<p>Klemenjak, Martin (2022): Vor der K\u00e4rntner Landtagswahl 2023 \u2013 Zur Ausgangssituation der Gr\u00fcnen und der NEOS. In: Anderwald, Karl\/Hren, Karl\/Stainer-H\u00e4mmerle, Kathrin (Hrsg.): K\u00e4rntner Jahrbuch f\u00fcr Politik 2022\/Koro\u0161ki politi\u010dni zbornik 2022, Verlag Hermagoras\/Mohorjeva, Klagenfurt\/Ljubljana\/Wien, S. 31 bis 45.<\/p>\n<p>Klemenjak, Martin\/Weidlitsch, Daniel (2022): Einleitendes zur Tagungsdokumentation durch die Herausgeber. In: Klemenjak, Martin\/Weidlitsch, Daniel (Hrsg.) (2022): Wie lange k\u00f6nnen wir uns das noch leisten? Warum Verteilungsgerechtigkeit die Demokratie f\u00f6rdert \u2013 Dokumentation der \u201eK\u00e4rntner Gespr\u00e4che zur demokratiepolitischen Bildung 2021\u201c, Kammer f\u00fcr Arbeiter und Angestellte f\u00fcr K\u00e4rnten, Klagenfurt. (Schriftenreihe \u201eArbeit &amp; Bildung\u201c, hrsg. von der Kammer f\u00fcr Arbeiter und Angestellte f\u00fcr K\u00e4rnten), S. 4 bis 6.<\/p>\n<p>Klemenjak, Martin (2021): Arbeitsmarktpolitik in K\u00e4rnten \u2013 Exemplarische Betrachtungen im Kontext der Covid-19-Pandemie. In: Anderwald, Karl\/Hren, Karl\/Stainer-H\u00e4mmerle, Kathrin (Hrsg.): K\u00e4rntner Jahrbuch f\u00fcr Politik 2021\/Koro\u0161ki politi\u010dni zbornik 2021, Verlag Hermagoras\/Mohorjeva, Klagenfurt\/Ljubljana\/Wien, S. 169 bis 180.<\/p>\n<p>Kerschbaumer, Florian\/Klemenjak, Martin (2021): Partizipation von Kindern und Jugendlichen in Gemeinden. In: Stainer-H\u00e4mmerle, Kathrin\/Oppitz, Florian (Hrsg.): Handbuch Gemeindepolitik, Verlag \u00d6sterreich, Wien, S. 91 bis 103.<\/p>\n<p>Klemenjak, Martin\/Pichler, Heinz\/Weidlitsch, Daniel (2021): Einleitendes zur Tagungsdokumentation durch die Herausgeber. In: Klemenjak, Martin\/Pichler, Heinz\/Weidlitsch, Daniel (Hrsg.): Corona-Krise \u2013 Herausforderungen f\u00fcr die Demokratie? R\u00fcckblick &amp; Ausblick \u2013 Dokumentation der \u201eK\u00e4rntner Gespr\u00e4che zur demokratiepolitischen Bildung 2020\u201c, Kammer f\u00fcr Arbeiter und Angestellte f\u00fcr K\u00e4rnten, Klagenfurt. (Schriftenreihe \u201eArbeit &amp; Bildung\u201c, hrsg. von der Kammer f\u00fcr Arbeiter und Angestellte f\u00fcr K\u00e4rnten), S. 4 bis 6.<\/p>\n<p>Klemenjak, Martin\/Pichler, Heinz (2021): \u201eBildet euch, denn wir brauchen all eure Klugheit\u201c \u2013 Zertifikatslehrgang \u201eSoziale Handlungskompetenzen f\u00fcr die Betriebsratst\u00e4tigkeit\u201c. In: Arnold, Helmut\/Dungs, Susanne\/Klemenjak, Martin\/Pichler, Christine (Hrsg.): Wandel der Erwerbsarbeit \u2013 Innovative Ans\u00e4tze der Inklusion, Beltz Juventa Verlag, Weinheim\/Basel, S. 160 bis 173.<\/p>\n<p>Gangl, Beatrice\/Klemenjak, Martin\/Waditzer, Richard (2021): Berufliche Integration und duales Berufsausbildungssystem in \u00d6sterreich \u2013 \u00dcberbetriebliche Lehrausbildung, verl\u00e4ngerte Lehrzeit, Teilqualifikation und Berufsausbildungsassistenz. In: Arnold, Helmut\/Dungs, Susanne\/Klemenjak, Martin\/Pichler, Christine (Hrsg.): Wandel der Erwerbsarbeit \u2013 Innovative Ans\u00e4tze der Inklusion, Beltz Juventa Verlag, Weinheim\/Basel, S. 60 bis 69.<\/p>\n<p>Arnold, Helmut\/Dungs, Susanne\/Klemenjak, Martin\/Pichler, Christine (2021): Zum Wandel der Erwerbsarbeitswelt \u2013 Innovative Ans\u00e4tze der Inklusion. In: Arnold, Helmut\/Dungs, Susanne\/Klemenjak, Martin\/Pichler, Christine (Hrsg.): Wandel der Erwerbsarbeit \u2013 Innovative Ans\u00e4tze der Inklusion, Beltz Juventa Verlag, Weinheim\/Basel, S. 7 bis 14.<\/p>\n<p>Cennamo, Irene\/Klemenjak, Martin (2020): Digitale Lern-\/Handlungsr\u00e4ume in der Erwachsenenbildung \u2013 Arenen f\u00fcr soziale und politische Teilhabe. In: Klemenjak, Martin\/Pichler, Heinz\/Weidlitsch, Daniel (Hrsg.): Demokratie und Digitalisierung \u2013 Chancen &amp; Risiken der Digitalisierung f\u00fcr das demokratische Gemeinwesen \u2013 Dokumentation der \u201eK\u00e4rntner Gespr\u00e4che zur demokratiepolitischen Bildung 2019\u201c, Kammer f\u00fcr Arbeiter und Angestellte f\u00fcr K\u00e4rnten, Klagenfurt. (Schriftenreihe \u201eArbeit &amp; Bildung\u201c, hrsg. von der Kammer f\u00fcr Arbeiter und Angestellte f\u00fcr K\u00e4rnten), S. 26 bis 35.<\/p>\n<p>Klemenjak, Martin\/Pichler, Heinz\/Weidlitsch, Daniel (2020): Grunds\u00e4tzliches zur Tagungsdokumentation. In: Klemenjak, Martin\/Pichler, Heinz\/Weidlitsch, Daniel (Hrsg.): Demokratie und Digitalisierung \u2013 Chancen &amp; Risiken der Digitalisierung f\u00fcr das demokratische Gemeinwesen \u2013 Dokumentation der \u201eK\u00e4rntner Gespr\u00e4che zur demokratiepolitischen Bildung 2019\u201c, Kammer f\u00fcr Arbeiter und Angestellte f\u00fcr K\u00e4rnten, Klagenfurt. (Schriftenreihe \u201eArbeit &amp; Bildung\u201c, hrsg. von der Kammer f\u00fcr Arbeiter und Angestellte f\u00fcr K\u00e4rnten), S. 4 bis 5.<\/p>\n<p>Klemenjak, Martin (2019): Die Sozialpartnerschaft in \u00d6sterreich und K\u00e4rnten \u2013 Eine (Zwischen-)Bilanz. In: Anderwald, Karl\/Hren, Karl\/Stainer-H\u00e4mmerle, Kathrin (Hrsg.): K\u00e4rntner Jahrbuch f\u00fcr Politik 2019\/Koro\u0161ki politi\u010dni zbornik 2019, Verlag Hermagoras\/Mohorjeva, Klagenfurt\/Ljubljana\/Wien, S. 132 bis 140.<\/p>\n<p>Ribolits, Erich\/Klemenjak, Martin (2019): Bildung \u2013 Macht \u2013 Gesellschaft? In: Klemenjak, Martin\/Pichler, Heinz (Hrsg.): Demokratie oder Neoliberalismus? Wie der Neoliberalismus unsere Lebenswelten durchdringt \u2013 Dokumentation der \u201eK\u00e4rntner Gespr\u00e4che zur demokratiepolitischen Bildung 2018\u201c, Kammer f\u00fcr Arbeiter und Angestellte f\u00fcr K\u00e4rnten, Klagenfurt. (Schriftenreihe \u201eArbeit &amp; Bildung\u201c, hrsg. von der Kammer f\u00fcr Arbeiter und Angestellte f\u00fcr K\u00e4rnten), S. 26 bis 37.<\/p>\n<p>Klemenjak, Martin\/Pichler, Heinz (2019): Vorbemerkungen zur Tagungsdokumentation. In: Klemenjak, Martin\/Pichler, Heinz (Hrsg.): Demokratie oder Neoliberalismus? Wie der Neoliberalismus unsere Lebenswelten durchdringt \u2013 Dokumentation der \u201eK\u00e4rntner Gespr\u00e4che zur demokratiepolitischen Bildung 2018\u201c, Kammer f\u00fcr Arbeiter und Angestellte f\u00fcr K\u00e4rnten, Klagenfurt. (Schriftenreihe \u201eArbeit &amp; Bildung\u201c, hrsg. von der Kammer f\u00fcr Arbeiter und Angestellte f\u00fcr K\u00e4rnten), S. 4 bis 5.<\/p>\n<p>Klemenjak, Martin (2019): Beruf und Bildung: Begegnungen mit Elke Gruber. In: Kastner, Monika\/Lenz, Werner\/Schl\u00f6gl, Peter (Hrsg.): Kritisch sind wir hoffentlich alle: Erwachsenenbildung im Spannungsfeld von Subjekt, Arbeit und Gesellschaft, L\u00f6cker Verlag, Wien, S. 273 bis 281.<\/p>\n<p>Klemenjak, Martin (2019): Benachteiligte und marginalisierte Jugendliche \u2013 Perspektiven im Kontext der Lehrlingsausbildung. In: Niederer, Elisabeth\/J\u00e4ger, Norbert (Hrsg.): Bildungsbenachteiligung \u2013 Positionen, Kontexte und Perspektiven, Studien Verlag, Innsbruck\/Wien\/Bozen. (Reihe hrsg. von der P\u00e4dagogischen Hochschule K\u00e4rnten \u2013 Viktor Frankl Hochschule: Klagenfurter Beitr\u00e4ge zur Bildungsforschung und Entwicklung, Band 2), S. 90 bis 99.<\/p>\n<p>Dungs, Susanne\/Klemenjak, Martin (2018): Das Projekt Europa: zwischen Zusammenbruch und Neuauflage. In: Klemenjak, Martin\/Pichler, Heinz (Hrsg.): \u201eVive l\u2019Europe \u2013 es lebe Europa!\u201c \u2013 Dokumentation der \u201eK\u00e4rntner Gespr\u00e4che zur demokratiepolitischen Bildung 2017\u201c, Kammer f\u00fcr Arbeiter und Angestellte f\u00fcr K\u00e4rnten, Klagenfurt. (Schriftenreihe \u201eArbeit &amp; Bildung\u201c, hrsg. von der Kammer f\u00fcr Arbeiter und Angestellte f\u00fcr K\u00e4rnten), S. 49 bis 59.<\/p>\n<p>Klemenjak, Martin\/Pichler, Heinz (2018): Einleitende Bemerkungen zur Tagungsdokumentation. In: Klemenjak, Martin\/Pichler, Heinz (Hrsg.): \u201eVive l\u2019Europe \u2013 es lebe Europa!\u201c \u2013 Dokumentation der \u201eK\u00e4rntner Gespr\u00e4che zur demokratiepolitischen Bildung 2017\u201c, Kammer f\u00fcr Arbeiter und Angestellte f\u00fcr K\u00e4rnten, Klagenfurt. (Schriftenreihe \u201eArbeit &amp; Bildung\u201c, hrsg. von der Kammer f\u00fcr Arbeiter und Angestellte f\u00fcr K\u00e4rnten), S. 4 bis 5.<\/p>\n<p>Klemenjak, Martin (2018): Partizipatives Forschen in der kaufm\u00e4nnischen Lehrlingsausbildung \u2013 Die Zukunftswerkstatt als L\u00f6sungsansatz um Machtverh\u00e4ltnisse zu ver\u00e4ndern. In: Fachhochschule Salzburg (Hrsg.): \u201eInnovation \u2013 Transfer \u2013 Vorsprung\u201c, Tagungsband zum 12. Forschungsforum der \u00f6sterreichischen Fachhochschulen, 4. und 5. April 2018, Fachhochschule Salzburg, Campus Urstein, FFH2018-T3-09-01, Seite 1 bis 7, Zugriff am 9. April 2018 unter http:\/\/ffhoarep.fh-ooe.at\/handle\/123456789\/1148.<\/p>\n<p>Klemenjak, Martin\/Pichler, Heinz (2018): \u201e\u2026 damit der soziale Grundwasserspiegel wieder steigt!\u201c \u2013 Reflexionen zur Sozialen Frage im 21. Jahrhundert. In: Blumenthal, Sara\/Lauermann, Karin\/Sting, Stephan (Hrsg.): Soziale Arbeit und soziale Frage(n), Verlag Barbara Budrich, Opladen\/Berlin\/Toronto. (Schriftenreihe der \u00d6FEB-Sektion Sozialp\u00e4dagogik, Band 1), S. 77 bis 86.<\/p>\n<p>Gruber, Elke\/Kerschbaumer, Florian\/Klemenjak, Martin\/Pichler, Heinz\/Zimmerberger, Katharina (2018): Demokratiepolitische Bildung \u2013 Begriff, Bedeutung, Forschungslage, Good-Practice und Perspektiven. In: Holzer, Daniela\/Dausien, Bettina\/Schl\u00f6gl, Peter\/Schmid, Kurt (Hrsg.): Forschungsinseln \u2013 Beobachtungen aus der \u00f6sterreichischen Erwachsenenbildungsforschung, Waxmann Verlag, M\u00fcnster\/New York. (\u00d6FEB-Reihe: Beitr\u00e4ge zur Bildungsforschung, Band 3), S. 117 bis 131.<\/p>\n<p>Gruber, Elke\/Klemenjak, Martin (2017): Lebensbegleitende Bildung \u2013 zwischen M\u00fcssen, Wollen und K\u00f6nnen. In: Klemenjak, Martin\/Pichler, Heinz (Hrsg.): Die SOZIALEN FRAGEN im 21. Jahrhundert. Erkennen \u2013 benennen \u2013 ver\u00e4ndern. Dokumentation der \u201eK\u00e4rntner Gespr\u00e4che zur demokratiepolitischen Bildung 2016\u201c, Kammer f\u00fcr Arbeiter und Angestellte f\u00fcr K\u00e4rnten, Klagenfurt. (Schriftenreihe \u201eArbeit &amp; Bildung\u201c, hrsg. von der Kammer f\u00fcr Arbeiter und Angestellte f\u00fcr K\u00e4rnten), S. 35 bis 44.<\/p>\n<p>Klemenjak, Martin\/Pichler, Heinz (2017): Grundlegende Bemerkungen zur Tagungsdokumentation. In: Klemenjak, Martin\/Pichler, Heinz (Hrsg.): Die SOZIALEN FRAGEN im 21. Jahrhundert. Erkennen \u2013 benennen \u2013 ver\u00e4ndern. Dokumentation der \u201eK\u00e4rntner Gespr\u00e4che zur demokratiepolitischen Bildung 2016\u201c, Kammer f\u00fcr Arbeiter und Angestellte f\u00fcr K\u00e4rnten, Klagenfurt. (Schriftenreihe \u201eArbeit &amp; Bildung\u201c, hrsg. von der Kammer f\u00fcr Arbeiter und Angestellte f\u00fcr K\u00e4rnten), S. 4 bis 5.<\/p>\n<p>Klemenjak, Martin (2017): Niederschwelligkeit und Lehrlingsausbildung \u2013 Ein Widerspruch? Reflexionen am Beispiel eines Ausbildungsnetzwerkes. In: Arnold, Helmut\/H\u00f6llm\u00fcller, Hubert (Hrsg.): Niederschwelligkeit in der Sozialen Arbeit, Beltz Juventa Verlag, Weinheim\/Basel, S. 132 bis 141.<\/p>\n<p>Klemenjak, Martin (2017): \u201eBildung\u201c als Antwort auf Soziale Fragen im 21. Jahrhundert \u2013 Exemplarisch ausgew\u00e4hlte Reformans\u00e4tze f\u00fcr Politik und Gesellschaft. In: Anderwald, Karl\/Filzmaier, Peter\/Hren, Karl (Hrsg.): K\u00e4rntner Jahrbuch f\u00fcr Politik 2016\/Koro\u0161ki politi\u010dni zbornik 2016, Verlag Hermagoras\/Mohorjeva, Klagenfurt\/Ljubljana\/Wien, S. 216 bis 225.<\/p>\n<p>Stainer-H\u00e4mmerle, Kathrin\/Klemenjak, Martin (2016): Reformideen f\u00fcr die Politik in Zeiten der Krise \u2013 Partizipative Demokratie als L\u00f6sungsansatz. In: Klemenjak, Martin\/Pichler, Heinz (Hrsg.): Demokratie in der KRISE, Krise in der Demokratie?! \u2013 Dokumentation der \u201eK\u00e4rntner Gespr\u00e4che zur demokratiepolitischen Bildung 2015\u201c, Kammer f\u00fcr Arbeiter und Angestellte f\u00fcr K\u00e4rnten, Klagenfurt. (Schriftenreihe \u201eArbeit &amp; Bildung\u201c, hrsg. von der Kammer f\u00fcr Arbeiter und Angestellte f\u00fcr K\u00e4rnten), S. 19 bis 27.<\/p>\n<p>Klemenjak, Martin\/Pichler, Heinz (2016): Vorbemerkungen zur Tagungsdokumentation. In: Klemenjak, Martin\/Pichler, Heinz (Hrsg.): Demokratie in der KRISE, Krise in der Demokratie?! \u2013 Dokumentation der \u201eK\u00e4rntner Gespr\u00e4che zur demokratiepolitischen Bildung 2015\u201c, Kammer f\u00fcr Arbeiter und Angestellte f\u00fcr K\u00e4rnten, Klagenfurt. (Schriftenreihe \u201eArbeit &amp; Bildung\u201c, hrsg. von der Kammer f\u00fcr Arbeiter und Angestellte f\u00fcr K\u00e4rnten), S. 4 bis 5.<\/p>\n<p>Klemenjak, Martin (2016): Perspektiven f\u00fcr einen sozialen l\u00e4ndlichen Raum \u2013 Die Zukunftswerkstatt als Methode in der Hochschullehre. In: Heimgartner, Arno\/Lauermann, Karin\/Sting, Stephan (Hrsg.): Fachliche Orientierungen und Realisierungsm\u00f6glichkeiten in der Sozialen Arbeit, LIT Verlag, Wien\/M\u00fcnster, S. 169 bis 181.<\/p>\n<p>Klemenjak, Martin\/Pichler, Heinz (2016): \u2026 damit der soziale Grundwasserspiegel wieder steigt! Reflexionen zur Sozialen Frage im 21. Jahrhundert. In: Fachhochschule des BFI Wien (Hrsg.): Br\u00fccken bauen \u2013 Perspektiven gestalten f\u00fcr Wirtschaft, Hochschule und \u00d6ffentlichkeit, Tagungsband zum 10. Forschungsforum der \u00f6sterreichischen Fachhochschulen, 30. und 31. M\u00e4rz 2016, Fachhochschule des BFI Wien, FFH2016-114-4, Seite 1 bis 6, Zugriff am 1. April 2016 unter http:\/\/ffhoarep.fh-ooe.at\/handle\/123456789\/638.<\/p>\n<p>Klemenjak, Martin (2015): Die Wirtschaftskammerwahl 2015 in K\u00e4rnten. In: Anderwald, Karl\/Filzmaier, Peter\/Hren, Karl (Hrsg.): K\u00e4rntner Jahrbuch f\u00fcr Politik 2015, Verlag Hermagoras\/Mohorjeva, Klagenfurt\/Ljubljana\/Wien, S. 43 bis 52.<\/p>\n<p>Pichler, Heinz\/Klemenjak, Martin (2015): Vorwort. In: Pichler Heinz\/Klemenjak, Martin (Hrsg.): \u2026 damit der soziale Grundwasserspiegel wieder steigt! Reflexionen zur Sozialen Frage im 21. Jahrhundert \u2013 Emmerich T\u00e1los im Gespr\u00e4ch mit Peter Kaiser, Klagenfurt, S. 5 bis 11.<\/p>\n<p>Filla, Wilhelm\/Klemenjak, Martin (2015): Die Alternative Politische Bildung. In: Klemenjak, Martin\/Pichler, Heinz (Hrsg.): Demokratie vererbt sich nicht \u2013 Partizipation RELOADED \u2013 Dokumentation der \u201eK\u00e4rntner Gespr\u00e4che zur demokratiepolitischen Bildung 2014\u201c, Kammer f\u00fcr Arbeiter und Angestellte f\u00fcr K\u00e4rnten, Klagenfurt. (Schriftenreihe \u201eArbeit &amp; Bildung\u201c, hrsg. von der Kammer f\u00fcr Arbeiter und Angestellte f\u00fcr K\u00e4rnten), S. 56 bis 68.<\/p>\n<p>Klemenjak, Martin\/Pichler, Heinz (2015): Einleitende Bemerkungen zur Tagungsdokumentation. In: Klemenjak, Martin\/Pichler, Heinz (Hrsg.): Demokratie vererbt sich nicht \u2013 Partizipation RELOADED \u2013 Dokumentation der \u201eK\u00e4rntner Gespr\u00e4che zur demokratiepolitischen Bildung 2014\u201c, Kammer f\u00fcr Arbeiter und Angestellte f\u00fcr K\u00e4rnten, Klagenfurt. (Schriftenreihe \u201eArbeit &amp; Bildung\u201c, hrsg. von der Kammer f\u00fcr Arbeiter und Angestellte f\u00fcr K\u00e4rnten), S. 4 bis 5.<\/p>\n<p>Klemenjak, Martin (2015): Betriebliche Sozialberatung und gewerkschaftliche Erwachsenenbildung \u2013 ein Kooperationslehrgang. In: Kern, Thomas\/Kastner, Johann\/Jungwirth, Mario\/Mayr, Herwig\/Rau, Christiane (Hrsg.): Wegbereiter \u2013 Karrierepfade durch ein Fachhochschulstudium, Tagungsband zum 9. Forschungsforum der \u00f6sterreichischen Fachhochschulen, 8. und 9. April 2015, FH Ober\u00f6sterreich, Campus Hagenberg, PS-22, S. 1 bis 2, Zugriff am 9. April 2015 unter http:\/\/ffhoarep.fh-ooe.at\/handle\/123456789\/442.<\/p>\n<p>Klemenjak, Martin\/Pichler, Heinz (2014): Implikationen zu den \u201eK\u00e4rntner Gespr\u00e4chen zur demokratiepolitischen Bildung\u201c. In: Anderwald, Karl\/Filzmaier, Peter\/Hren, Karl (Hrsg.): K\u00e4rntner Jahrbuch f\u00fcr Politik 2014\/Koro\u0161ki politi\u010dni zbornik 2014, Verlag Hermagoras\/Mohorjeva, Klagenfurt\/Ljubljana\/Wien, S. 93 bis 107.<\/p>\n<p>Klemenjak, Martin (2014): Von der Wissensvermittlung zur aktiven Beteiligung der Jugendlichen \u2013 Politische Bildung aus der Sicht eines Lehrlingsausbilders. In: Wucherer, Otto (Hrsg.): Politische Bildung an berufsbildenden Schulen. Deutschland \u2013 \u00d6sterreich \u2013 Schweiz, Wochenschau Verlag, Schwalbach\/Ts., S. 108 bis 124.<\/p>\n<p>Danglmaier, Nadja\/Klemenjak, Martin (2014): NS-Tatorte und Schaupl\u00e4tze in K\u00e4rnten. In: Gressl, Martin\/Klemenjak, Martin\/Klepp, Cornelia\/Pichler, Heinz\/Rottermanner, Doris\/Scherling, Josefine (Hrsg.): Populismus und Rassismus im Vormarsch? \u2013 Dokumentation der \u201eK\u00e4rntner Gespr\u00e4che zur demokratiepolitischen Bildung 2013\u201c, Kammer f\u00fcr Arbeiter und Angestellte f\u00fcr K\u00e4rnten, Klagenfurt. (Schriftenreihe \u201eArbeit &amp; Bildung\u201c, hrsg. von der Kammer f\u00fcr Arbeiter und Angestellte f\u00fcr K\u00e4rnten), S. 58 bis 64.<\/p>\n<p>Gressl, Martin\/Klemenjak, Martin\/Klepp, Cornelia\/Pichler, Heinz\/Rottermanner, Doris\/Scherling, Josefine (2014): Vorbemerkungen zur Tagungsdokumentation. In: Gressl, Martin\/Klemenjak, Martin\/Klepp, Cornelia\/Pichler, Heinz\/Rottermanner, Doris\/Scherling, Josefine (Hrsg.): Populismus und Rassismus im Vormarsch? \u2013 Dokumentation der \u201eK\u00e4rntner Gespr\u00e4che zur demokratiepolitischen Bildung 2013\u201c, Kammer f\u00fcr Arbeiter und Angestellte f\u00fcr K\u00e4rnten, Klagenfurt. (Schriftenreihe \u201eArbeit &amp; Bildung\u201c, hrsg. von der Kammer f\u00fcr Arbeiter und Angestellte f\u00fcr K\u00e4rnten), S. 4 bis 6.<\/p>\n<p>Klemenjak, Martin (2014): Der \u201eWandel\u201c in der Lehrlingsausbildung \u2013 Jugendliche gestalten ihre Ausbildung. In: L\u00fcthi, Johannes\/Steinbacher, Hans-Peter (Hrsg.): Impulse in Zeiten des Wandels, Tagungsband zum 8. Forschungsforum der \u00f6sterreichischen Fachhochschulen, 23. bis 24. April 2014, FH Kufstein Tirol, Kufstein, S. 322 bis 326.<\/p>\n<p>Klemenjak, Martin (2013): Vernetzung und Zusammenarbeit am Beispiel der kommunalen Lehrlingsausbildung in K\u00e4rnten. In: Stainer-H\u00e4mmerle, Kathrin\/Oppitz, Florian (Hrsg.): Handbuch Gemeindepolitik, Verlag \u00d6sterreich, Wien, S. 243 bis 258.<\/p>\n<p>Klemenjak, Martin (2013): Jugendliche, AusbildnerInnen und PolitikerInnen \u2013 Einblicke in das K\u00e4rntner Gemeinde-Lehrlingsnetzwerk. In: Heimgartner, Arno\/Lauermann, Karin\/Sting, Stephan (Hrsg.): Perspektiven der AkteurInnen in der Sozialen Arbeit, LIT Verlag, Wien\/M\u00fcnster, S. 189 bis 199.<\/p>\n<p>Klemenjak, Martin (2013): \u201ePanoptikum Politische Bildung\u201c \u2013 eine Gespr\u00e4chsreihe. In: Kempter, Guido\/Lofner, Hans-J\u00fcrgen (Hrsg.): Grenzenlos kooperieren \u2013 Forschung im Dialog mit Gesellschaft und Wirtschaft, Tagungsband zum 7. Forschungsforum der \u00f6sterreichischen Fachhochschulen, 3. bis 4. April 2013, FH Vorarlberg, Dornbirn, Wissenschaftlicher Verlag Berlin, Berlin, S. 609 bis 611.<\/p>\n<p>Klemenjak, Martin (2012): M\u00f6glichkeiten der Partizipation im Sozialraum Gemeinde \u2013 Ein Beitrag der Sozialen Arbeit zum Ausbau der direkten Demokratie. In: Anderwald, Karl\/Filzmaier, Peter\/Hren, Karl (Hrsg.): K\u00e4rntner Jahrbuch f\u00fcr Politik 2012, Verlag Hermagoras\/Mohorjeva, Klagenfurt\/Ljubljana\/Wien, S. 271 bis 282.<\/p>\n<p>Klemenjak, Martin\/Klepp, Cornelia (2012): Jugend und Politik \u2013 Vom empirischen Befund bis zum Partizipations-Projekt. In: Klemenjak, Martin\/Klepp, Cornelia\/Pichler, Heinz\/Wucherer, Otto (Hrsg.): Politische Bildung \u2013 Dokumentation zur Gespr\u00e4chsreihe \u2013 April bis Dezember 2011, Kammer f\u00fcr Arbeiter und Angestellte f\u00fcr K\u00e4rnten, Klagenfurt. (Schriftenreihe \u201eArbeit &amp; Bildung\u201c, hrsg. von der Kammer f\u00fcr Arbeiter und Angestellte f\u00fcr K\u00e4rnten), S. 56 bis 63.<\/p>\n<p>Klemenjak, Martin\/Klepp, Cornelia\/Pichler, Heinz\/Wucherer, Otto (2012): Einleitende Bemerkungen zur Politischen Bildung. In: Klemenjak, Martin\/Klepp, Cornelia\/Pichler, Heinz\/Wucherer, Otto (Hrsg.): Politische Bildung \u2013 Dokumentation zur Gespr\u00e4chsreihe \u2013 April bis Dezember 2011, Kammer f\u00fcr Arbeiter und Angestellte f\u00fcr K\u00e4rnten, Klagenfurt. (Schriftenreihe \u201eArbeit &amp; Bildung\u201c, hrsg. von der Kammer f\u00fcr Arbeiter und Angestellte f\u00fcr K\u00e4rnten), S. 4 bis 6.<\/p>\n<p>Klemenjak, Martin (2012): Perspektiven f\u00fcr einen sozialen l\u00e4ndlichen Raum \u2013 Empfehlungen an die kommunale Sozialpolitik. In: FH JOANNEUM Gesellschaft mbH (Hrsg.): Soziale Ungleichheit und soziales Kapital, Tagungsband 5 zum 6. Forschungsforum der \u00f6sterreichischen Fachhochschulen, 11. bis 12. April 2012, FH JOANNEUM Graz, Eigenverlag, S. 81 bis 84.<\/p>\n<p>Klemenjak, Martin (2011): Die Zukunft mit Hilfe einer \u201eWerkstatt\u201c gestalten \u2013 Perspektiven f\u00fcr einen sozialen l\u00e4ndlichen Raum. In: Anderwald, Karl\/Filzmaier, Peter\/Hren, Karl (Hrsg.): K\u00e4rntner Jahrbuch f\u00fcr Politik 2011, Verlag Hermagoras\/Mohorjeva, Klagenfurt\/Ljubljana\/Wien, S. 236 bis 245.<\/p>\n<p>Klemenjak, Martin (2011): Der soziale l\u00e4ndliche Raum im Jahr 2030 \u2013 Die Zukunft mit Hilfe einer \u201eWerkstatt\u201c gestalten. In: Klemenjak, Martin (Hrsg.): Perspektiven f\u00fcr einen sozialen l\u00e4ndlichen Raum \u2013 Empfehlungen an die kommunale Sozialpolitik, Verlag Hermagoras\/Mohorjeva, Klagenfurt\/Ljubljana\/Wien, S. 9 bis 36.<\/p>\n<p>Klemenjak, Martin (2011): Die Lehrlingsausbildung (k)ein Zukunftsthema? \u2013 Historische, kritische und zukunftsweisende Anmerkungen zu einem bedeutenden \u00f6sterreichischen Berufsbildungssektor. In: Spitzer, Helmut\/H\u00f6llm\u00fcller, Hubert\/H\u00f6nig, Barbara (Hrsg.): Soziallandschaften \u2013 Perspektiven Sozialer Arbeit als Profession und Disziplin, VS Verlag, Wiesbaden, S. 319 bis 333.<\/p>\n<p>Klemenjak, Martin (2010): Politische Bildung von Jugendlichen am Beispiel der interkommunalen Lehrlingsausbildung in K\u00e4rnten. In: Anderwald, Karl\/Filzmaier, Peter\/Hren, Karl (Hrsg.): K\u00e4rntner Jahrbuch f\u00fcr Politik 2010, Verlag Hermagoras\/Mohorjeva, Klagenfurt\/Ljubljana\/Wien, S. 352 bis 369.<\/p>\n<p>&nbsp;<\/p>\n<p><strong>Beitr\u00e4ge in Fachzeitschriften<\/strong><\/p>\n<p>Klemenjak, Martin\/Wadl, Cordula\/Weidlitsch, Daniel (2024): Die Bedeutung betrieblicher Mitbestimmung und sozialer Handlungskompetenzen f\u00fcr die Demokratie. In: Die \u00d6sterreichische Volkshochschule \u2013 Magazin f\u00fcr Erwachsenenbildung, 75. Jg., Fr\u00fchjahr\/Sommer 2024, Heft 282, S. 36 bis 40.<\/p>\n<p>Klemenjak, Martin (2021): Arbeitsmarktintegration von benachteiligten Jugendlichen und jungen Erwachsenen \u2013 exemplarisch ausgew\u00e4hlte Ans\u00e4tze. In: Die \u00d6sterreichische Volkshochschule \u2013 Magazin f\u00fcr Erwachsenenbildung, 72. Jg., Fr\u00fchjahr\/Sommer 2021, Heft 273, S. 27 bis 29.<\/p>\n<p>Kerschbaumer, Florian\/Klemenjak, Martin\/Pichler, Heinz\/Zimmerberger, Katharina (2017): \u201eDemokratie vererbt sich nicht!\u201c \u2013 K\u00e4rntner Gespr\u00e4che zur demokratiepolitischen Bildung. In: Die \u00d6sterreichische Volkshochschule \u2013 Magazin f\u00fcr Erwachsenenbildung, 68. Jg., Juni 2017, Heft 261, S. 14 bis 16.<\/p>\n<p>Klemenjak, Martin\/Pichler, Heinz (2014): Innovative gewerkschaftliche Erwachsenenbildung \u2013 Lehrgang \u201eSoziale Beratung und Handlungskompetenzen\u201c. In: Die \u00d6sterreichische Volkshochschule \u2013 Magazin f\u00fcr Erwachsenenbildung, 65. Jg., Juni\/Juli 2014, Heft 252, S. 23 bis 25.<\/p>\n<p>Klemenjak, Martin (2012): \u201ePanoptikum Politische Bildung\u201c \u2013 eine Gespr\u00e4chsreihe. In: Die \u00d6sterreichische Volkshochschule \u2013 Magazin f\u00fcr Erwachsenenbildung, 63. Jg., September 2012, Heft 245, S. 31 bis 32.<\/p>\n<p>Klemenjak, Martin (2011): Die Zukunftswerkstatt \u2013 (keine) Methode Politischer Bildung? In: Die \u00d6sterreichische Volkshochschule \u2013 Magazin f\u00fcr Erwachsenenbildung, 62. Jg., Dezember 2011, Heft 242, S. 11 bis 13.<\/p>\n<p>Klemenjak, Martin (2010): Weiterbildung von kommunalen Lehrlingsausbildner\/innen in K\u00e4rnten. In: Die \u00d6sterreichische Volkshochschule \u2013 Magazin f\u00fcr Erwachsenenbildung, 61. Jg., Dezember 2010, Heft 238, S. 9 bis 11.<\/p>\n<p>Klemenjak, Martin (2010): F\u00f6rderung fachlicher Kompetenz in der Ausbildung kommunaler Lehrlinge. In: \u00d6sterreichische Gemeinde-Zeitung, Nr. 3\/2010, S. 27 bis 29.<\/p>\n<p>Klemenjak, Martin (2009): F\u00f6rderung sozialer Kompetenz in der Ausbildung kommunaler Lehrlinge. In: \u00d6sterreichische Gemeinde-Zeitung, Nr. 6\/2009, S. 32 bis 34.<\/p>\n<p>Klemenjak, Martin (2008): Lehrlingsausbildung \u2013 Von der Disziplin zur Erm\u00f6glichungsdidaktik. In: Die \u00d6sterreichische Volkshochschule \u2013 Magazin f\u00fcr Erwachsenenbildung, 59. Jg., September 2008, Heft 229, S. 7 bis 9.<\/p>\n<p>Klemenjak, Martin (2008): Politische Bildung in der interkommunalen Lehrlingsausbildung K\u00e4rntens. In: \u00d6sterreichische Gemeinde-Zeitung, Nr. 7-8\/2008, S. 47 bis 49.<\/p>\n<p>Klemenjak, Martin (2007): IKZ in K\u00e4rnten am Beispiel der Lehrlingsausbildung. In: Forum Public Management, Ausgabe 3\/2007, Oktober 2007, S. 13 bis 14.<\/p>\n<p>Klemenjak, Martin (2007): Ausbilden verbindet: K\u00e4rntner Gemeinden f\u00f6rdern Ausbildung im Verbund. In: personal manager \u2013 Zeitschrift f\u00fcr Human Resources, Heft 2\/2007, M\u00e4rz\/April 2007, S. 46 bis 47.<\/p>\n<p>Klemenjak, Martin (2006): Die Lehrlingsausbildung \u2013 (k)ein Bereich der Erwachsenenbildung? Das Netzwerk \u201eInterkommunaler Ausbildungsverbund K\u00e4rnten\u201c. In: Die \u00d6sterreichische Volkshochschule \u2013 Magazin f\u00fcr Erwachsenenbildung, 57. Jg., Dezember 2006, Heft 222, S. 25 bis 28.<\/p>\n<p>Klemenjak, Martin (2006): IKAV K\u00e4rnten \u2013 Interkommunales Netzwerk f\u00fcr Lehrlingsausbildung. In: \u00d6sterreichische Gemeinde-Zeitung, Nr. 9\/2006, S. 32 bis 35.<\/p>\n<p>Klemenjak, Martin\/Kogler, Waltraud (2004): Aus- und Weiterbildung \u2013 (k)ein Thema f\u00fcr die \u00f6ffentliche Verwaltung? Das Bildungskonzept der Stadtgemeinde St. Veit\/Glan. In: Die \u00d6sterreichische Volkshochschule \u2013 Magazin f\u00fcr Erwachsenenbildung, 55. Jg., Dezember 2004, Heft 214, S. 23 bis 26.<\/p>\n<p>Kogler, Waltraud\/Klemenjak, Martin (2004): Aus- und Weiterbildung in der Stadtgemeinde St. Veit\/Glan. In: \u00d6sterreichische Gemeinde-Zeitung, Nr. 9\/2004, S. 30 bis 32.<\/p>\n<p>&nbsp;<\/p>\n<p><strong>Rezensionen<\/strong><\/p>\n<p>Klemenjak, Martin (2013): Scheu, Bringfriede\/Autrata, Otger (2013): Partizipation und Soziale Arbeit \u2013 Einflussnahme auf das subjektiv Ganze, Springer VS, Wiesbaden. In: Die \u00d6sterreichische Volkshochschule \u2013 Magazin f\u00fcr Erwachsenenbildung, 64. Jg., September 2013, Heft 249, S. 53.<\/p>\n<p>Klemenjak, Martin (2009): Filla, Wilhelm\/Gruber, Elke\/M\u00fcller, Gerwin (Hrsg.) (2008): Wissen als Chance \u2013 Erwachsenenbildung zwischen beruflicher Qualifizierung und allgemeiner Bildung, Verband \u00d6sterreichischer Volkshochschulen, Wien. In: Die \u00d6sterreichische Volkshochschule \u2013 Magazin f\u00fcr Erwachsenenbildung, 60. Jg., M\u00e4rz 2009, Heft 231, S. 40 bis 41.<\/p>\n<p>&nbsp;<\/p>\n<p><strong>Kleinere Beitr\u00e4ge<\/strong><\/p>\n<p>Klemenjak, Martin (2018): Community-basierte Forschung in der Lehrlingsausbildung \u2013 Die Zukunftswerkstatt als partizipative Forschungsmethode, in: Book of Abstracts der 6. \u00d6sterreichischen Berufsbildungsforschungskonferenz (BBFK), \u201eBildung = Berufsbildung?!\u201c, Juli 2018, Museum Arbeitswelt Steyr, S. 90 bis 91.<\/p>\n<p>Klemenjak, Martin (2013): Lehrlingsausbildung \u2013 Von den Anforderungen der Wissensgesellschaft bis zum innovativen Modell. In: \u201eweiter.wachsen\u201c \u2013 1. Tagung f\u00fcr NachwuchswissenschafterInnen an der AAU \u2013 Programmheft mit Posterabstracts, September 2013, Alpen-Adria-Universit\u00e4t Klagenfurt, S. 22.<\/p>\n<p>Klemenjak, Martin (2010): Erfolgreiche Lehrlingsausbildung. In: K\u00e4rntner Gemeindebund Informationen, Ausgabe 2\/2010, April 2010, S. 14 bis 15.<\/p>\n<p>Klemenjak, Martin (2009): Lehrlingsinitiative: Vier Jahre Ausbildung! In: St. Veit Kommunal, Nr. 3\/2009, April 2009, S. 18.<\/p>\n<p>Klemenjak, Martin (2008): Die Lehrlingsausbildung (k)ein Zukunftsthema? In: Book of Abstracts der 1. \u00d6sterreichischen Konferenz f\u00fcr Berufsbildungsforschung, Juli 2008, S. 40.<\/p>\n<p>Klemenjak, Martin (2008): Ber\u00fchmte Lehrlingsausbildung: \u201eIKAV\u201c zum dritten Mal ausgezeichnet! In: St. Veit Kommunal, Nr. 1\/2008, Februar 2008, S. 4.<\/p>\n<p>Klemenjak, Martin (2007): IBZ K\u00e4rnten \u2013 Das Kompetenzzentrum f\u00fcr Lehrlingsausbildung in K\u00e4rntner Gemeinden. In: Studien- und Forschungsmagazin WIRTSCHAFT \u2013 Informationen der Studieng\u00e4nge Public Management, Unternehmensf\u00fchrung und International Business Management der Fachhochschule K\u00e4rnten, Ausgabe Nr. 07\/2007, Dezember 2007, S. 44.<\/p>\n<p>Klemenjak, Martin (2007): Zielgruppe LehrlingsausbilderInnen: Blicke hinter die \u201eIKAV-Kulissen\u201c. In: St. Veit Kommunal, Nr. 3\/2007, Juni 2007, S. 8.<\/p>\n<p>Klemenjak, Martin (2006): Kommunale Lehrlingsausbildung: Viele \u00fcbernehmen St. Veiter Modell! In: Stankt Veit Kommunal, Nr. 5\/2006, Oktober 2006, S. 3.<\/p>\n<p>Klemenjak, Martin (2006): Der \u201eGemeinde-Lehrling\u201c. IKAV K\u00e4rnten \u2013 Netzwerk f\u00fcr kommunale Lehrlingsausbildung. In: Kommunal \u2013 Das gr\u00f6\u00dfte Fachmagazin f\u00fcr \u00d6sterreichs Gemeinden, Nr. 7\/8, August 2006, S. 94.<\/p>\n<p>Klemenjak, Martin (2006): IKAV K\u00e4rnten \u2013 Das interkommunale Netzwerk f\u00fcr Lehrlingsausbildung. In: Newsletter der Landesgruppe K\u00e4rnten des \u00d6sterreichischen St\u00e4dtebundes, Juli 2006, S. 13 bis 14.<\/p>\n<p>&nbsp;<\/p>\n<p><strong>Sonstiges<\/strong><\/p>\n<p>Klemenjak, Martin\/Wadl, Cordula\/Weidlitsch, Daniel\/Zernig-Malatschnig, Carmen (2022): Informationen f\u00fcr den Zertifikatslehrgang \u201eSoziale Handlungskompetenzen f\u00fcr die Betriebsratst\u00e4tigkeit\u201c, Fachhochschule K\u00e4rnten, Villach.<\/p>\n<p>Gruber, Elke\/Klemenjak, Martin (2019): Welche Bildung braucht eine Gesellschaft ohne Armut? In: K\u00e4rntner Netzwerk gegen Armut und soziale Ausgrenzung (Hrsg.): 5. K\u00e4rntner Armutskonferenz \u2013 Leben ohne Armut. Perspektiven, Visionen und Anforderungen zur sozialen Frage im 21. Jahrhundert. 8.\/9. November 2017 in St. Georgen am L\u00e4ngsee. Zusammenstellung der vorhandenen Beitr\u00e4ge, Klagenfurt, S. 42 bis 50.<\/p>\n<p>Arnold, Helmut\/Dungs, Susanne\/Klemenjak, Martin\/Pichler, Christine (2018): Lernen im Prozess der Arbeit (LiPA) \u2013 Vollantrag im Rahmen der ZFF_1+ \u201eF\u00f6rderung von F&amp;E Gruppen\u201c, Fachhochschule K\u00e4rnten, Feldkirchen.<\/p>\n<p>Klemenjak, Martin\/Pichler, Heinz\/Wadl, Cordula\/Zernig-Malatschnig, Carmen (2017): Informationen f\u00fcr den geplanten Zertifikatslehrgang \u201eSoziale Handlungskompetenzen f\u00fcr die Betriebsratst\u00e4tigkeit\u201c, Fachhochschule K\u00e4rnten, Spittal\/Drau.<\/p>\n<p>Klemenjak, Martin (Hrsg.) (2013): K\u00e4rntner Gespr\u00e4chsreihe zur demokratiepolitischen Bildung 2012 \u2013 Textdokumentation zu den Abendveranstaltungen \u201eDemokratie und lebenslanges Lernen \u2013 Neue Chancen f\u00fcr die Politische Bildung?\u201c und \u201eGood-Practice Politischer Bildung in der Lehrlingsausbildung \u2013 mit Podiumsdiskussion\u201c, Kammer f\u00fcr Arbeiter und Angestellte f\u00fcr K\u00e4rnten, Klagenfurt.<\/p>\n<p>Klemenjak, Martin (Hrsg.) (2013): K\u00e4rntner Gespr\u00e4chsreihe zur demokratiepolitischen Bildung 2012 \u2013 Fotodokumentation zu den Abendveranstaltungen \u201eDemokratie und lebenslanges Lernen \u2013 Neue Chancen f\u00fcr die Politische Bildung?\u201c und \u201eGood-Practice Politischer Bildung in der Lehrlingsausbildung \u2013 mit Podiumsdiskussion\u201c, Kammer f\u00fcr Arbeiter und Angestellte f\u00fcr K\u00e4rnten, Klagenfurt.<\/p>\n<p>Klemenjak, Martin (2012): Das K\u00e4rntner Gemeinde-Lehrlingsnetzwerk \/ The Carinthian municipal network of apprentices. In: Zwielehner, Peter (Hrsg.): Einsam oder Gemeinsam? Netzwerke und Partnerschaften in der Erwachsenenbildung \u2013 Dokumentation des Zukunftsforums 2011, 6. bis 8. Juli 2011, Urania Wien, Verband \u00d6sterreichischer Volkshochschulen, Wien, S. 50 bis 52.<\/p>\n<p>Klemenjak, Martin (Hrsg.) (2011): Aus- und Weiterbildung f\u00fcr Lehrlinge in K\u00e4rntner Gemeinden \u2013 Programm 2011\/12, Satz- &amp; Druckteam, Klagenfurt.<\/p>\n<p>Klemenjak, Martin (2011): Konzeption der Zukunftswerkstatt \u201ePerspektiven f\u00fcr einen sozialen l\u00e4ndlichen Raum\u201c, unver\u00f6ffentlichtes Manuskript, Feldkirchen.<\/p>\n<p>Klemenjak, Martin (Hrsg.) (2010): Aus- und Weiterbildung f\u00fcr Lehrlinge in K\u00e4rntner Gemeinden \u2013 Programm 2010\/11, KDRUCK, Klagenfurt.<\/p>\n<p>Klemenjak, Martin (Hrsg.) (2009): Aus- und Weiterbildung f\u00fcr Lehrlinge in K\u00e4rntner Gemeinden \u2013 Programm 2009\/10, KDRUCK, Klagenfurt.<\/p>\n<p>Klemenjak, Martin (Hrsg.) (2008): Aus- und Weiterbildung f\u00fcr Lehrlinge in K\u00e4rntner Gemeinden \u2013 Programm 2008\/09, KDRUCK, Klagenfurt.<\/p>\n<p>Klemenjak, Martin (Hrsg.) (2007): Aus- und Weiterbildung f\u00fcr Lehrlinge in K\u00e4rntner Gemeinden \u2013 Programm 2007\/08, KDRUCK, Klagenfurt.<\/p>\n<p>Klemenjak, Martin (2007): Intercommunal joint training system Carinthia \u2013 A network about vocational training. In: Austrian Association of Municipalities (Hrsg.): Good practice manual \u2013 methods &amp; instruments based on good practice solutions, Wien 2007, S. 218 bis 221.<\/p>\n<p>Klemenjak, Martin (2007): Interkommunaler Ausbildungsverbund K\u00e4rnten \u2013 Ein Netzwerk f\u00fcr Lehrlingsausbildung. In: \u00d6sterreichischer Gemeindebund (Hrsg.): Europas kommunale Praxis \u2013 Vorzeigebeispiele aus dem internationalen kommunalen Netzwerk, Wien 2007, S. 221 bis 224.<\/p>\n<p>Klemenjak, Martin (Hrsg.) (2006): Aus- und Weiterbildung f\u00fcr Lehrlinge in K\u00e4rntner Gemeinden \u2013 Programm 2006\/07, Context, St. Veit\/Glan.<\/p>\n<p>Klemenjak, Martin (Hrsg.) (2005): Aus- und Weiterbildung f\u00fcr Lehrlinge in K\u00e4rntner Gemeinden \u2013 Programm 2005\/06, Context, St. Veit\/Glan.<\/p>\n<p>Klemenjak, Martin\/Kogler, Waltraud (2003): \u201eHerzlich willkommen\u201c \u2013 Mappe f\u00fcr MitarbeiterInnen der Stadtgemeinde St. Veit\/Glan.<\/p>\n<p>Klemenjak, Martin\/Kogler, Waltraud (2003): \u201eHerzlich willkommen\u201c \u2013 Mappe f\u00fcr Lehrlinge der Stadtgemeinde St. Veit\/Glan.<\/p>\n","protected":false},"excerpt":{"rendered":"<p>B\u00fccher und Tagungsdokumentationen (Monographien und Herausgeberschaften) Klemenjak, Martin\/Weidlitsch, Daniel (Hrsg.) (2022): Wie lange k\u00f6nnen wir uns das noch leisten? Warum Verteilungsgerechtigkeit die Demokratie f\u00f6rdert \u2013 Dokumentation der \u201eK\u00e4rntner Gespr\u00e4che zur demokratiepolitischen Bildung 2021\u201c, Kammer f\u00fcr Arbeiter und Angestellte f\u00fcr K\u00e4rnten, Klagenfurt. (Schriftenreihe \u201eArbeit &amp; Bildung\u201c, hrsg. von der Kammer f\u00fcr Arbeiter und Angestellte f\u00fcr K\u00e4rnten) [&hellip;]<\/p>\n","protected":false},"author":48,"featured_media":0,"parent":0,"menu_order":0,"comment_status":"closed","ping_status":"closed","template":"","meta":{"inline_featured_image":false,"footnotes":""},"class_list":["post-918","page","type-page","status-publish","hentry"],"_links":{"self":[{"href":"https:\/\/blog.fh-kaernten.at\/klemenjak\/wp-json\/wp\/v2\/pages\/918","targetHints":{"allow":["GET"]}}],"collection":[{"href":"https:\/\/blog.fh-kaernten.at\/klemenjak\/wp-json\/wp\/v2\/pages"}],"about":[{"href":"https:\/\/blog.fh-kaernten.at\/klemenjak\/wp-json\/wp\/v2\/types\/page"}],"author":[{"embeddable":true,"href":"https:\/\/blog.fh-kaernten.at\/klemenjak\/wp-json\/wp\/v2\/users\/48"}],"replies":[{"embeddable":true,"href":"https:\/\/blog.fh-kaernten.at\/klemenjak\/wp-json\/wp\/v2\/comments?post=918"}],"version-history":[{"count":0,"href":"https:\/\/blog.fh-kaernten.at\/klemenjak\/wp-json\/wp\/v2\/pages\/918\/revisions"}],"wp:attachment":[{"href":"https:\/\/blog.fh-kaernten.at\/klemenjak\/wp-json\/wp\/v2\/media?parent=918"}],"curies":[{"name":"wp","href":"https:\/\/api.w.org\/{rel}","templated":true}]}}