{"id":553,"date":"2018-05-23T07:42:59","date_gmt":"2018-05-23T05:42:59","guid":{"rendered":"http:\/\/blog.fh-kaernten.at\/klemenjak\/?page_id=553"},"modified":"2022-01-24T16:00:40","modified_gmt":"2022-01-24T14:00:40","slug":"impressum","status":"publish","type":"page","link":"https:\/\/blog.fh-kaernten.at\/klemenjak\/impressum\/","title":{"rendered":"Impressum"},"content":{"rendered":"<p><strong>Impressum\/Informationspflicht lt. \u00a7 5 Abs. 1 E-Commerce Gesetz<\/strong><\/p>\n<p><strong>FH K\u00e4rnten \u2013 gemeinn\u00fctzige Gesellschaft mbH<\/strong><br \/>\nEuropastra\u00dfe 4<br \/>\n9524 Villach<br \/>\n+43 (0)5 \/ 90500<br \/>\nF: +43 (0)5 \/ 90500-9910<br \/>\n<a href=\"mailto:info@fh-kaernten.at\">info@fh-kaernten.at<\/a><\/p>\n<p><strong>Erweiterte Informationen zur Offenlegungspflicht gem\u00e4\u00df \u00a7 25 MedienG:<\/strong><br \/>\n<a href=\"http:\/\/www.fh-kaernten.at\/ueber-die-fh\/organisation\/hochschulleitung\/organe-der-privatstiftung\">http:\/\/www.fh-kaernten.at\/ueber-die-fh\/organisation\/hochschulleitung\/organe-der-privatstiftung<\/a><\/p>\n<p><strong>Standort<\/strong><br \/>\nEuropastra\u00dfe 4, 9524 Villach.<br \/>\nEingetragen im Firmenbuch des Landgerichts Klagenfurt.<br \/>\nFN566373b, LG Klagenfurt<br \/>\nUID-Nr:\u00a0\u00a0 \u00a0ATU77483224<br \/>\nIBAN\u00a0\u00a0\u00a0\u00a0\u00a0 AT88 1200 0100 3503 8529<br \/>\nBIC\u00a0\u00a0\u00a0\u00a0\u00a0\u00a0\u00a0\u00a0 BKAUATWW<\/p>\n<p><strong>Haftung und Copyright<\/strong><br \/>\nS\u00e4mtliche Texte auf der Homepage der FH K\u00e4rnten wurden sorgf\u00e4ltig gepr\u00fcft. Dessen ungeachtet kann keine Garantie f\u00fcr die Richtigkeit, Vollst\u00e4ndigkeit und Aktualit\u00e4t der Angaben \u00fcbernommen werden. Eine Haftung der FH K\u00e4rnten wird daher ausgeschlossen. Die Links zu anderen Webseiten wurden sorgf\u00e4ltig ausgew\u00e4hlt. Da die FH K\u00e4rnten auf deren Inhalt keinen Einfluss hat, \u00fcbernimmt die FH K\u00e4rnten daf\u00fcr keine Verantwortung. Die FH K\u00e4rnten haftet dar\u00fcber hinaus nicht f\u00fcr unautorisierte Bewerbung ihrer Angebote. Bez\u00fcglich Zugangsvoraussetzungen f\u00fcr Studieng\u00e4nge oder Lehrg\u00e4nge, Studiengeb\u00fchren und sonstigen Informationen \u00fcber Studienprogramme gelten im Zweifelsfall die Regelungen dieser Homepage. \u00a9 Das Copyright liegt bei der FH K\u00e4rnten.<\/p>\n<p><strong>Fotos:<\/strong><br \/>\n* Colourbox\u00a0<a href=\"http:\/\/www.colourbox.de\/\">www.colourbox.de<\/a><br \/>\n* Fotolia\u00a0<a href=\"http:\/\/www.fotolia.de\/\">www.fotolia.de<\/a><br \/>\n* Shutterstock\u00a0<a href=\"http:\/\/www.shutterstock.com\/\">www.shutterstock.com<\/a><br \/>\n* K\u00e4rnten Werbung\u00a0<a href=\"http:\/\/www.kaernten.at\/\">www.kaernten.at<\/a><br \/>\n* Helge Bauer\u00a0<a href=\"http:\/\/www.helgebauer.at\/\">www.helgebauer.at<\/a><\/p>\n<p>Die FH K\u00e4rnten geht mit Ihren personenbezogenen Daten sorgf\u00e4ltig und gewissenhaft um. Bei der Datenverarbeitung beachten wir die rechtlichen nationalen und europ\u00e4ischen Datenschutzbestimmungen. Alle Daten werden auf Servern gespeichert, die mit einem hohen Sicherheitsstandard betrieben und vor dem Zugriff unberechtigter Personen und Missbrauch gesch\u00fctzt werden.<\/p>\n<p>F\u00fcr Fragen und Anliegen in Zusammenhang mit dem Datenschutz an der FH K\u00e4rnten steht Ihnen gerne unsere interne Ansprechperson zur Verf\u00fcgung, welche Sie per E-Mail unter\u00a0<a href=\"mailto:datenschutz@fh-kaernten.at\">datenschutz@fh-kaernten.at\u00a0<\/a>erreichen k\u00f6nnen.<\/p>\n","protected":false},"excerpt":{"rendered":"<p>Impressum\/Informationspflicht lt. \u00a7 5 Abs. 1 E-Commerce Gesetz FH K\u00e4rnten \u2013 gemeinn\u00fctzige Gesellschaft mbH Europastra\u00dfe 4 9524 Villach +43 (0)5 \/ 90500 F: +43 (0)5 \/ 90500-9910 info@fh-kaernten.at Erweiterte Informationen zur Offenlegungspflicht gem\u00e4\u00df \u00a7 25 MedienG: http:\/\/www.fh-kaernten.at\/ueber-die-fh\/organisation\/hochschulleitung\/organe-der-privatstiftung Standort Europastra\u00dfe 4, 9524 Villach. Eingetragen im Firmenbuch des Landgerichts Klagenfurt. FN566373b, LG Klagenfurt UID-Nr:\u00a0\u00a0 \u00a0ATU77483224 IBAN\u00a0\u00a0\u00a0\u00a0\u00a0 AT88 [&hellip;]<\/p>\n","protected":false},"author":48,"featured_media":0,"parent":0,"menu_order":6,"comment_status":"closed","ping_status":"closed","template":"","meta":{"inline_featured_image":false,"footnotes":""},"class_list":["post-553","page","type-page","status-publish","hentry"],"_links":{"self":[{"href":"https:\/\/blog.fh-kaernten.at\/klemenjak\/wp-json\/wp\/v2\/pages\/553","targetHints":{"allow":["GET"]}}],"collection":[{"href":"https:\/\/blog.fh-kaernten.at\/klemenjak\/wp-json\/wp\/v2\/pages"}],"about":[{"href":"https:\/\/blog.fh-kaernten.at\/klemenjak\/wp-json\/wp\/v2\/types\/page"}],"author":[{"embeddable":true,"href":"https:\/\/blog.fh-kaernten.at\/klemenjak\/wp-json\/wp\/v2\/users\/48"}],"replies":[{"embeddable":true,"href":"https:\/\/blog.fh-kaernten.at\/klemenjak\/wp-json\/wp\/v2\/comments?post=553"}],"version-history":[{"count":0,"href":"https:\/\/blog.fh-kaernten.at\/klemenjak\/wp-json\/wp\/v2\/pages\/553\/revisions"}],"wp:attachment":[{"href":"https:\/\/blog.fh-kaernten.at\/klemenjak\/wp-json\/wp\/v2\/media?parent=553"}],"curies":[{"name":"wp","href":"https:\/\/api.w.org\/{rel}","templated":true}]}}