{"id":2,"date":"2013-05-23T10:07:37","date_gmt":"2013-05-23T10:07:37","guid":{"rendered":"http:\/\/blog.fh-kaernten.at\/klemenjak\/?page_id=2"},"modified":"2025-10-21T15:45:20","modified_gmt":"2025-10-21T13:45:20","slug":"about","status":"publish","type":"page","link":"https:\/\/blog.fh-kaernten.at\/klemenjak\/about\/","title":{"rendered":"\u00dcber mich"},"content":{"rendered":"<figure><img decoding=\"async\" src=\"https:\/\/blog.fh-kaernten.at\/klemenjak\/files\/2022\/10\/Martin-Klemenjak0075-683x1024.jpg\" alt=\"Martin Klemenjak\" width=\"210\" height=\"\" align=\"left\" \/><\/figure>\n<p>&nbsp;<\/p>\n<p>&nbsp;<\/p>\n<p>&nbsp;<\/p>\n<p>&nbsp;<\/p>\n<p>&nbsp;<\/p>\n<p>&nbsp;<\/p>\n<p>&nbsp;<\/p>\n<p>&nbsp;<\/p>\n<p>&nbsp;<\/p>\n<p>&nbsp;<\/p>\n<p>\u00a9 FH K\u00e4rnten\/Helge Bauer<\/p>\n<p><strong>Martin Klemenjak<\/strong>, FH-Prof. Mag. (FH) Mag. Dr., geb. 1977 in Klagenfurt<\/p>\n<p><strong>Professur f\u00fcr Berufs- und Erwachsenenbildung sowie Politische Bildung<br \/>\n<\/strong>an der Fachhochschule K\u00e4rnten, Fakult\u00e4t Gesundheit und Soziales, Studiengang Soziale Arbeit<\/p>\n<p><strong>Wissenschaftliche Leitung des Hochschullehrgangs \u201eSoziale Handlungskompetenzen f\u00fcr die Betriebsratst\u00e4tigkeit\u201c <\/strong>an der Fachhochschule K\u00e4rnten ACADEMY<\/p>\n<p><strong>Kontakt<\/strong>: <a href=\"mailto:m.klemenjak@fh-kaernten.at\">m.klemenjak@fh-kaernten.at<\/a><\/p>\n<p><strong>Arbeits- und Forschungsschwerpunkte:<\/strong><\/p>\n<ul>\n<li>Berufliche Integration<\/li>\n<li>Erwachsenenbildung<\/li>\n<li>Politisches System \u00d6sterreichs<\/li>\n<li>Sozialpolitik<\/li>\n<li>Politische Partizipation<\/li>\n<li>Personalmanagement und -entwicklung<\/li>\n<\/ul>\n","protected":false},"excerpt":{"rendered":"<p>&nbsp; &nbsp; &nbsp; &nbsp; &nbsp; &nbsp; &nbsp; &nbsp; &nbsp; &nbsp; \u00a9 FH K\u00e4rnten\/Helge Bauer Martin Klemenjak, FH-Prof. Mag. (FH) Mag. Dr., geb. 1977 in Klagenfurt Professur f\u00fcr Berufs- und Erwachsenenbildung sowie Politische Bildung an der Fachhochschule K\u00e4rnten, Fakult\u00e4t Gesundheit und Soziales, Studiengang Soziale Arbeit Wissenschaftliche Leitung des Hochschullehrgangs \u201eSoziale Handlungskompetenzen f\u00fcr die Betriebsratst\u00e4tigkeit\u201c an der [&hellip;]<\/p>\n","protected":false},"author":67,"featured_media":0,"parent":0,"menu_order":0,"comment_status":"open","ping_status":"open","template":"","meta":{"inline_featured_image":false,"footnotes":""},"class_list":["post-2","page","type-page","status-publish","hentry"],"_links":{"self":[{"href":"https:\/\/blog.fh-kaernten.at\/klemenjak\/wp-json\/wp\/v2\/pages\/2","targetHints":{"allow":["GET"]}}],"collection":[{"href":"https:\/\/blog.fh-kaernten.at\/klemenjak\/wp-json\/wp\/v2\/pages"}],"about":[{"href":"https:\/\/blog.fh-kaernten.at\/klemenjak\/wp-json\/wp\/v2\/types\/page"}],"author":[{"embeddable":true,"href":"https:\/\/blog.fh-kaernten.at\/klemenjak\/wp-json\/wp\/v2\/users\/67"}],"replies":[{"embeddable":true,"href":"https:\/\/blog.fh-kaernten.at\/klemenjak\/wp-json\/wp\/v2\/comments?post=2"}],"version-history":[{"count":0,"href":"https:\/\/blog.fh-kaernten.at\/klemenjak\/wp-json\/wp\/v2\/pages\/2\/revisions"}],"wp:attachment":[{"href":"https:\/\/blog.fh-kaernten.at\/klemenjak\/wp-json\/wp\/v2\/media?parent=2"}],"curies":[{"name":"wp","href":"https:\/\/api.w.org\/{rel}","templated":true}]}}